{"id":1517,"date":"2020-12-03T21:04:13","date_gmt":"2020-12-03T20:04:13","guid":{"rendered":"https:\/\/hungerprojekt.ch\/notre-organisation\/organisation\/"},"modified":"2026-04-13T10:40:38","modified_gmt":"2026-04-13T08:40:38","slug":"organisation","status":"publish","type":"page","link":"https:\/\/hungerprojekt.ch\/fr\/qui-sommes-nous\/organisation\/","title":{"rendered":"Organisation"},"content":{"rendered":"<div class=\"wpb-content-wrapper\"><p>[vc_row css_animation=\u00a0\u00bb\u00a0\u00bb row_type=\u00a0\u00bbrow\u00a0\u00bb use_row_as_full_screen_section=\u00a0\u00bbno\u00a0\u00bb type=\u00a0\u00bbfull_width\u00a0\u00bb angled_section=\u00a0\u00bbno\u00a0\u00bb text_align=\u00a0\u00bbcenter\u00a0\u00bb background_image_as_pattern=\u00a0\u00bbwithout_pattern\u00a0\u00bb z_index=\u00a0\u00bb\u00a0\u00bb css=\u00a0\u00bb.vc_custom_1604521825735{background-color: #ffffff !important;}\u00a0\u00bb][vc_column][\/vc_column][\/vc_row][vc_row css_animation=\u00a0\u00bb\u00a0\u00bb row_type=\u00a0\u00bbrow\u00a0\u00bb use_row_as_full_screen_section=\u00a0\u00bbno\u00a0\u00bb type=\u00a0\u00bbfull_width\u00a0\u00bb angled_section=\u00a0\u00bbno\u00a0\u00bb text_align=\u00a0\u00bbcenter\u00a0\u00bb background_image_as_pattern=\u00a0\u00bbwithout_pattern\u00a0\u00bb z_index=\u00a0\u00bb\u00a0\u00bb css=\u00a0\u00bb.vc_custom_1604521825735{background-color: #ffffff !important;}\u00a0\u00bb][vc_column][vc_row_inner row_type=\u00a0\u00bbrow\u00a0\u00bb type=\u00a0\u00bbfull_width\u00a0\u00bb text_align=\u00a0\u00bbcenter\u00a0\u00bb css_animation=\u00a0\u00bb\u00a0\u00bb][vc_column_inner offset=\u00a0\u00bbvc_hidden-sm vc_hidden-xs\u00a0\u00bb css=\u00a0\u00bb.vc_custom_1606252335956{padding-top: 500px !important;background-image: url(https:\/\/hungerprojekt.ch\/wp-content\/uploads\/2020\/11\/zoom_taken_by_johannes_od_at_tkokokhe_ndereppe_epicenter_in_senegal_2015_21683883658_o.jpg?id=1081) !important;background-position: center !important;background-repeat: no-repeat !important;background-size: cover !important;}\u00a0\u00bb][\/vc_column_inner][\/vc_row_inner][vc_row_inner row_type=\u00a0\u00bbrow\u00a0\u00bb type=\u00a0\u00bbfull_width\u00a0\u00bb text_align=\u00a0\u00bbcenter\u00a0\u00bb css_animation=\u00a0\u00bb\u00a0\u00bb][vc_column_inner offset=\u00a0\u00bbvc_hidden-lg vc_hidden-md\u00a0\u00bb css=\u00a0\u00bb.vc_custom_1606252365746{padding-top: 200px !important;background-image: url(https:\/\/hungerprojekt.ch\/wp-content\/uploads\/2020\/11\/zoom_taken_by_johannes_od_at_tkokokhe_ndereppe_epicenter_in_senegal_2015_21683883658_o.jpg?id=1081) !important;background-position: center !important;background-repeat: no-repeat !important;background-size: cover !important;}\u00a0\u00bb][\/vc_column_inner][\/vc_row_inner][\/vc_column][\/vc_row][vc_row css_animation=\u00a0\u00bb\u00a0\u00bb row_type=\u00a0\u00bbrow\u00a0\u00bb use_row_as_full_screen_section=\u00a0\u00bbno\u00a0\u00bb type=\u00a0\u00bbgrid\u00a0\u00bb angled_section=\u00a0\u00bbno\u00a0\u00bb text_align=\u00a0\u00bbleft\u00a0\u00bb background_image_as_pattern=\u00a0\u00bbwithout_pattern\u00a0\u00bb z_index=\u00a0\u00bb\u00a0\u00bb][vc_column width=\u00a0\u00bb9\/12&Prime; offset=\u00a0\u00bbvc_hidden-sm vc_hidden-xs\u00a0\u00bb][vc_column_text css=\u00a0\u00bb.vc_custom_1607290587573{margin-top: -100px !important;padding-top: 30px !important;padding-right: 40px !important;padding-left: 40px !important;background-color: #ffffff !important;}\u00a0\u00bb]<\/p>\n<h6 style=\"text-align: left;\"><a href=\"http:\/\/hungerprojekt.ch\/fr\/\">Home<\/a> &gt;\u00a0<a href=\"https:\/\/hungerprojekt.ch\/fr\/qui-sommes-nous\/\">Qui sommes-nous<\/a> &gt; <a href=\"https:\/\/hungerprojekt.ch\/fr\/qui-sommes-nous\/organisation\/\">Organisation<\/a><\/h6>\n<p>[\/vc_column_text][vc_empty_space height=\u00a0\u00bb20&Prime; css=\u00a0\u00bb.vc_custom_1604579018353{background-color: #ffffff !important;}\u00a0\u00bb][vc_column_text css=\u00a0\u00bb.vc_custom_1758972167777{padding-right: 40px !important;padding-left: 40px !important;background-color: #ffffff !important;}\u00a0\u00bb]<\/p>\n<div class=\"et_pb_module et_pb_text et_pb_text_0 et_pb_text_align_center et_pb_bg_layout_light\">\n<div class=\"et_pb_text_inner\">\n<div class=\"et_pb_module et_pb_text et_pb_text_0 et_pb_text_align_center et_pb_bg_layout_light\">\n<div class=\"et_pb_text_inner\">\n<h1><strong>Notre organisation<\/strong><\/h1>\n<p>&nbsp;<\/p>\n<div>\n<h2 class=\"paragraph\"><strong>The Hunger Project dans le monde<\/strong><\/h2>\n<\/div>\n<\/div>\n<\/div>\n<div class=\"et_pb_module et_pb_text et_pb_text_1 et_pb_text_align_center et_pb_bg_layout_light\">\n<div class=\"et_pb_text_inner\">\n<div>\n<p>&nbsp;<\/p>\n<p class=\"paragraph\">The Hunger Project (THP) est une organisation \u00e0 but non lucratif active au niveau international, fond\u00e9e en 1977. Reconnue par les Nations Unies comme organisation non gouvernementale (ONG) dot\u00e9e du statut consultatif aupr\u00e8s du Conseil \u00e9conomique et social de l\u2019ONU, THP s\u2019engage \u00e0 mettre fin durablement \u00e0 la faim chronique et \u00e0 r\u00e9duire significativement l\u2019extr\u00eame pauvret\u00e9.<\/p>\n<p>L\u2019orientation strat\u00e9gique mondiale est d\u00e9finie par le Global Board, compos\u00e9 d\u2019experts renomm\u00e9s de la coop\u00e9ration au d\u00e9veloppement et du secteur financier. Depuis 2025, <span style=\"color: #000080;\"><a style=\"color: #000080;\" href=\"https:\/\/thp.org\/staff\/rowlands-kaotcha\/\">Rowlands Kaotcha<\/a><\/span> occupe le poste de Pr\u00e9sident et Directeur g\u00e9n\u00e9ral de The Hunger Project au niveau mondial.<\/p>\n<p>&nbsp;<\/p>\n<\/div>\n<\/div>\n<\/div>\n<h2 style=\"text-align: left;\"><strong>Le Projet Faim Suisse<\/strong><\/h2>\n<p>Le Projet Faim Suisse a \u00e9t\u00e9 fond\u00e9 en 1983 \u00e0 Gen\u00e8ve en tant qu\u2019association \u00e0 but non lucratif, non confessionnelle et politiquement ind\u00e9pendante. En tant que membre du mouvement mondial THP, nous agissons comme une ONG ind\u00e9pendante et exon\u00e9r\u00e9e d\u2019imp\u00f4ts en raison de notre statut d\u2019utilit\u00e9 publique. Nous sommes <a href=\"https:\/\/hungerprojekt.ch\/fr\/qui-sommes-nous\/certificat-zewo\/\">certifi\u00e9s ZEWO<\/a> depuis 2009 \u2013 un label de qualit\u00e9 qui garantit une utilisation des dons transparente, efficace et orient\u00e9e vers l\u2019impact.<\/p>\n<p>Nos membres et donateurs soutiennent des projets que nous s\u00e9lectionnons sp\u00e9cifiquement au sein du r\u00e9seau mondial de THP, notamment en Afrique. Gr\u00e2ce \u00e0 des approches innovantes et \u00e0 des programmes efficaces sur le long terme, nous nous engageons \u00e0 traiter les causes profondes de la faim et \u00e0 permettre aux personnes de mener une vie autonome.<\/p>\n<p>Toutes les contributions et tous les dons sont utilis\u00e9s conform\u00e9ment \u00e0 nos statuts :<\/p>\n<\/div>\n<\/div>\n<p style=\"text-align: left;\"><strong><span style=\"text-decoration: underline;\"><a href=\"https:\/\/hungerprojekt.ch\/wp-content\/uploads\/2025\/09\/f-CH-THP-statuts-2025-final.pdf\" target=\"_blank\" rel=\"noopener noreferrer\">Statuts du Projet Faim<\/a><\/span><\/strong><\/p>\n<p>&nbsp;<\/p>\n<div>\n<h1 class=\"paragraph\"><strong>Notre comit\u00e9<\/strong><\/h1>\n<\/div>\n<div>\n<p class=\"paragraph\">Notre comit\u00e9 b\u00e9n\u00e9vole est compos\u00e9 de personnes engag\u00e9es, poss\u00e9dant une vaste exp\u00e9rience dans l\u2019aide au d\u00e9veloppement et le secteur priv\u00e9. Leurs comp\u00e9tences couvrent la strat\u00e9gie, le d\u00e9veloppement des affaires, la finance, le droit, les ressources humaines, le marketing et le d\u00e9veloppement durable.<\/p>\n<\/div>\n<div>\n<p class=\"paragraph\">Ensemble, ils assument la responsabilit\u00e9 strat\u00e9gique du Projet Faim Suisse et veillent \u00e0 ce que notre vision d\u2019un monde sans faim soit poursuivie avec clart\u00e9, comp\u00e9tence et engagement.<\/p>\n<p>&nbsp;<\/p>\n<\/div>\n<div id=\"attachment_5375\" style=\"width: 610px\" class=\"wp-caption alignleft\"><img fetchpriority=\"high\" decoding=\"async\" aria-describedby=\"caption-attachment-5375\" class=\"wp-image-5375\" src=\"https:\/\/hungerprojekt.ch\/wp-content\/uploads\/2025\/07\/4376f6e7-c57c-49a7-8a28-a42c3ea4bdf1-1024x927.jpg\" alt=\"\" width=\"600\" height=\"543\" srcset=\"https:\/\/hungerprojekt.ch\/wp-content\/uploads\/2025\/07\/4376f6e7-c57c-49a7-8a28-a42c3ea4bdf1-1024x927.jpg 1024w, https:\/\/hungerprojekt.ch\/wp-content\/uploads\/2025\/07\/4376f6e7-c57c-49a7-8a28-a42c3ea4bdf1-300x272.jpg 300w, https:\/\/hungerprojekt.ch\/wp-content\/uploads\/2025\/07\/4376f6e7-c57c-49a7-8a28-a42c3ea4bdf1-768x695.jpg 768w, https:\/\/hungerprojekt.ch\/wp-content\/uploads\/2025\/07\/4376f6e7-c57c-49a7-8a28-a42c3ea4bdf1-1536x1391.jpg 1536w, https:\/\/hungerprojekt.ch\/wp-content\/uploads\/2025\/07\/4376f6e7-c57c-49a7-8a28-a42c3ea4bdf1-2048x1854.jpg 2048w, https:\/\/hungerprojekt.ch\/wp-content\/uploads\/2025\/07\/4376f6e7-c57c-49a7-8a28-a42c3ea4bdf1-700x634.jpg 700w\" sizes=\"(max-width: 600px) 100vw, 600px\" \/><p id=\"caption-attachment-5375\" class=\"wp-caption-text\">Rowlands Kaotcha (pr\u00e9sident-directeur g\u00e9n\u00e9ral de THP global) en visite en Suisse (de gauche \u00e0 droite) : Susanne Simon, Andreas Ragaz, Katja Fechteler, Rowlands Kaotcha, Alexandra Koch, Christine Brunel-Ligneau, Tom Waterhouse (absents : Daniel Heini ; Kristina Lasotta)<\/p><\/div>\n<p>&nbsp;<\/p>\n<div class=\"npobject\"><\/div>\n<p>[\/vc_column_text][vc_row_inner row_type=\u00a0\u00bbrow\u00a0\u00bb type=\u00a0\u00bbfull_width\u00a0\u00bb text_align=\u00a0\u00bbleft\u00a0\u00bb css_animation=\u00a0\u00bb\u00a0\u00bb css=\u00a0\u00bb.vc_custom_1754311505621{padding-left: 40px !important;}\u00a0\u00bb][vc_column_inner width=\u00a0\u00bb1\/4&Prime;][vc_single_image image=\u00a0\u00bb5383&Prime; qode_css_animation=\u00a0\u00bb\u00a0\u00bb][vc_column_text css=\u00a0\u00bb\u00a0\u00bb]<\/p>\n<p style=\"font-weight: 400;\"><a href=\"https:\/\/www.linkedin.com\/in\/tomwaterhouse\/\"><strong>Tom Waterhouse<\/strong><\/a><\/p>\n<p>&nbsp;<\/p>\n<p>Pr\u00e9sident[\/vc_column_text][\/vc_column_inner][vc_column_inner width=\u00a0\u00bb1\/4&Prime;][vc_single_image image=\u00a0\u00bb5386&Prime; qode_css_animation=\u00a0\u00bb\u00a0\u00bb][vc_column_text]<a href=\"https:\/\/www.linkedin.com\/in\/christine-brunel-ligneau\/\"><strong>Christine Brunel-Ligneau<\/strong><\/a><\/p>\n<p>Collecte de fonds corporate[\/vc_column_text][\/vc_column_inner][vc_column_inner width=\u00a0\u00bb1\/4&Prime;][vc_single_image image=\u00a0\u00bb5389&Prime; qode_css_animation=\u00a0\u00bb\u00a0\u00bb][vc_column_text css=\u00a0\u00bb\u00a0\u00bb]<a href=\"https:\/\/www.linkedin.com\/in\/daniel-heini-3222b149\/?originalSubdomain=ch\"><strong>Dr. iur. Daniel Heini<\/strong><\/a><\/p>\n<p>&nbsp;<\/p>\n<p>Droit et gouvernance[\/vc_column_text][\/vc_column_inner][\/vc_row_inner][vc_row_inner row_type=\u00a0\u00bbrow\u00a0\u00bb type=\u00a0\u00bbfull_width\u00a0\u00bb text_align=\u00a0\u00bbleft\u00a0\u00bb css_animation=\u00a0\u00bb\u00a0\u00bb][vc_column_inner][vc_column_text]<\/p>\n<p>&nbsp;<\/p>\n<p>&nbsp;<\/p>\n<p>[\/vc_column_text][\/vc_column_inner][\/vc_row_inner][vc_row_inner row_type=\u00a0\u00bbrow\u00a0\u00bb type=\u00a0\u00bbfull_width\u00a0\u00bb text_align=\u00a0\u00bbleft\u00a0\u00bb css_animation=\u00a0\u00bb\u00a0\u00bb css=\u00a0\u00bb.vc_custom_1754311499271{padding-left: 40px !important;}\u00a0\u00bb][vc_column_inner width=\u00a0\u00bb1\/4&Prime;][vc_single_image image=\u00a0\u00bb6867&Prime; css=\u00a0\u00bb\u00a0\u00bb qode_css_animation=\u00a0\u00bb\u00a0\u00bb][vc_column_text]<a href=\"https:\/\/www.linkedin.com\/in\/kristina-lasotta\/\"><strong>Dr. rer. pol. Kristina Lasotta<\/strong><\/a><\/p>\n<p>Marketing et communication[\/vc_column_text][\/vc_column_inner][vc_column_inner width=\u00a0\u00bb1\/4&Prime;][vc_single_image image=\u00a0\u00bb5398&Prime; qode_css_animation=\u00a0\u00bb\u00a0\u00bb][vc_column_text css=\u00a0\u00bb\u00a0\u00bb]<strong>Andreas Ragaz<\/strong><\/p>\n<p>&nbsp;<\/p>\n<p>Gestion de programmes[\/vc_column_text][\/vc_column_inner][vc_column_inner width=\u00a0\u00bb1\/4&Prime;][vc_single_image image=\u00a0\u00bb5403&Prime; qode_css_animation=\u00a0\u00bb\u00a0\u00bb][vc_column_text]<a href=\"https:\/\/www.linkedin.com\/in\/susanne-simon-healthcare\/\"><b>Dr. rer. nat. Susanne Simon<\/b><\/a><\/p>\n<p>Personnel et organisation[\/vc_column_text][\/vc_column_inner][\/vc_row_inner][vc_column_text]<\/p>\n<p>&nbsp;<\/p>\n<p>&nbsp;<\/p>\n<p>[\/vc_column_text][vc_column_text css=\u00a0\u00bb.vc_custom_1773041240575{padding-right: 40px !important;padding-left: 40px !important;}\u00a0\u00bb]<\/p>\n<h2><\/h2>\n<div>\n<h2><strong>Le comit\u00e9 est soutenu par un comit\u00e9 consultatif exp\u00e9riment\u00e9<\/strong><\/h2>\n<\/div>\n<div>\n<p>&nbsp;<\/p>\n<p><strong><span lang=\"FR-CH\">Dr. rer. nat. Christian Auer <\/span><\/strong><span lang=\"FR-CH\">\u2013 \u00c9pid\u00e9miologiste<\/span><\/p>\n<\/div>\n<div>\n<p><strong>Oliver Fueter <\/strong>\u2013 Journaliste radio et pr\u00e9sentateur<\/p>\n<\/div>\n<div>\n<p><strong>Max J. Koch <\/strong>\u2013 Ancien vice-directeur d&rsquo;une entreprise de transport<\/p>\n<\/div>\n<div>\n<p><strong>Ursula Willimann <\/strong>\u2013 Traductrice<\/p>\n<\/div>\n<p>&nbsp;<\/p>\n<h1><strong>Notre direction et notre \u00e9quipe<\/strong><\/h1>\n<p>La gestion op\u00e9rationnelle du Projet Faim Suisse est assur\u00e9e par nos directrice, <a href=\"https:\/\/www.linkedin.com\/in\/alexandra-koch-22224133\/\"><strong>Alexandra Koch,<\/strong><\/a> et <a href=\"https:\/\/www.linkedin.com\/in\/katja-fechteler-phd-mba\/\"><strong>Katja Fechteler<\/strong><\/a>. Avec une \u00e9quipe engag\u00e9e, elles mettend en \u0153uvre la strat\u00e9gie du comit\u00e9 et veillent \u00e0 ce que nos projets aient un impact durable.<\/p>\n<p>&nbsp;<\/p>\n<p><img decoding=\"async\" class=\"size-thumbnail wp-image-5405 alignleft\" src=\"https:\/\/hungerprojekt.ch\/wp-content\/uploads\/2025\/07\/6-150x150.jpg\" alt=\"\" width=\"150\" height=\"150\" srcset=\"https:\/\/hungerprojekt.ch\/wp-content\/uploads\/2025\/07\/6-150x150.jpg 150w, https:\/\/hungerprojekt.ch\/wp-content\/uploads\/2025\/07\/6-570x570.jpg 570w, https:\/\/hungerprojekt.ch\/wp-content\/uploads\/2025\/07\/6-500x500.jpg 500w, https:\/\/hungerprojekt.ch\/wp-content\/uploads\/2025\/07\/6-1000x1000.jpg 1000w\" sizes=\"(max-width: 150px) 100vw, 150px\" \/><\/p>\n<p>&nbsp;<\/p>\n<p style=\"font-weight: 400;\"><a href=\"https:\/\/www.linkedin.com\/in\/alexandra-koch-22224133\/\"><strong>Alexandra Koch \u2013 lic. rer. pol., MBA<\/strong><\/a><\/p>\n<p>Co-directrice<\/p>\n<p>&nbsp;<\/p>\n<p>&nbsp;<\/p>\n<p style=\"font-weight: 400;\"><a href=\"https:\/\/www.linkedin.com\/in\/katja-fechteler-phd-mba\/\"><strong><img decoding=\"async\" class=\"wp-image-5380 size-thumbnail alignleft\" src=\"https:\/\/hungerprojekt.ch\/wp-content\/uploads\/2025\/07\/2-150x150.jpg\" alt=\"\" width=\"150\" height=\"150\" srcset=\"https:\/\/hungerprojekt.ch\/wp-content\/uploads\/2025\/07\/2-150x150.jpg 150w, https:\/\/hungerprojekt.ch\/wp-content\/uploads\/2025\/07\/2-570x570.jpg 570w, https:\/\/hungerprojekt.ch\/wp-content\/uploads\/2025\/07\/2-500x500.jpg 500w, https:\/\/hungerprojekt.ch\/wp-content\/uploads\/2025\/07\/2-1000x1000.jpg 1000w\" sizes=\"(max-width: 150px) 100vw, 150px\" \/><\/strong><\/a><\/p>\n<p>&nbsp;<\/p>\n<p style=\"font-weight: 400;\"><a href=\"https:\/\/www.linkedin.com\/in\/katja-fechteler-phd-mba\/\"><strong>Dr. rer. nat. Katja Fechteler<\/strong><\/a><\/p>\n<p>Co-directrice<\/p>\n<p>&nbsp;<\/p>\n<p>&nbsp;<\/p>\n<p>&nbsp;<\/p>\n<div>\n<p><strong><span lang=\"DE\">Marion Massouline \u2013<\/span><\/strong><span lang=\"DE\"> Directrice marketing et communication<\/span><\/p>\n<\/div>\n<div>\n<p><strong><span lang=\"DE\">Stephanie Meyer <\/span><\/strong><span lang=\"DE\">\u2013 Comptabilit\u00e9 et collecte de fonds<\/span><\/p>\n<\/div>\n<div>\n<p><strong><span lang=\"DE\">Nadja Jung <\/span><\/strong><span lang=\"DE\">\u2013 Marketing et coordination des b\u00e9n\u00e9voles<\/span><\/p>\n<\/div>\n<div>\n<p>&nbsp;<\/p>\n<\/div>\n<h1><\/h1>\n<p>&nbsp;<\/p>\n<h1>Ambassadrice<\/h1>\n<p><img loading=\"lazy\" decoding=\"async\" class=\"wp-image-5481 size-thumbnail alignleft\" src=\"https:\/\/hungerprojekt.ch\/wp-content\/uploads\/2025\/08\/DSC_4336\u00a9AyseYavas2019-1-150x150.jpeg\" alt=\"\" width=\"150\" height=\"150\" srcset=\"https:\/\/hungerprojekt.ch\/wp-content\/uploads\/2025\/08\/DSC_4336\u00a9AyseYavas2019-1-150x150.jpeg 150w, https:\/\/hungerprojekt.ch\/wp-content\/uploads\/2025\/08\/DSC_4336\u00a9AyseYavas2019-1-570x570.jpeg 570w, https:\/\/hungerprojekt.ch\/wp-content\/uploads\/2025\/08\/DSC_4336\u00a9AyseYavas2019-1-500x500.jpeg 500w, https:\/\/hungerprojekt.ch\/wp-content\/uploads\/2025\/08\/DSC_4336\u00a9AyseYavas2019-1-1000x1000.jpeg 1000w\" sizes=\"(max-width: 150px) 100vw, 150px\" \/><\/p>\n<p>&nbsp;<\/p>\n<p>&nbsp;<\/p>\n<p><strong>Mona<\/strong> <strong>Petri <\/strong>\u2013 Actrice<\/p>\n<p>&nbsp;<\/p>\n<p>&nbsp;<\/p>\n<p>&nbsp;<\/p>\n<h1><\/h1>\n<h1><strong>B\u00e9n\u00e9voles<\/strong><\/h1>\n<p>Le Projet Faim Suisse b\u00e9n\u00e9ficie de l\u2019engagement inlassable de b\u00e9n\u00e9voles d\u00e9vou\u00e9s qui, tout comme les membres du comit\u00e9 et du comit\u00e9 consultatif, exercent leurs fonctions \u00e0 titre volontaire. Cette approche favorise une culture de responsabilit\u00e9 individuelle, d\u2019initiative et de solidarit\u00e9. Par ailleurs, elle permet de maintenir des co\u00fbts de personnel faibles, de sorte que la majeure partie des dons soit directement investie dans les projets.<\/p>\n<p style=\"font-weight: 400;\"><a href=\"https:\/\/hungerprojekt.ch\/fr\/votre-contribution\/benevolat\/\"><span style=\"font-weight: 400;\"><span style=\"color: #000080;\">En savoir plus sur le b\u00e9n\u00e9volat ici<\/span> <\/span><\/a><\/p>\n<p>[\/vc_column_text][\/vc_column][vc_column width=\u00a0\u00bb3\/12&Prime; offset=\u00a0\u00bbvc_hidden-md vc_hidden-sm vc_hidden-xs\u00a0\u00bb][vc_column_text css=\u00a0\u00bb.vc_custom_1753884970604{margin-top: 100px !important;margin-right: 1px !important;margin-left: 41px !important;padding-top: 20px !important;padding-bottom: 20px !important;padding-left: 20px !important;background-color: #0000aa !important;}\u00a0\u00bb]<\/p>\n<h5 style=\"text-align: left;\"><a href=\"https:\/\/hungerprojekt.ch\/fr\/qui-sommes-nous\/\"><strong>QUI SOMMES-NOUS<\/strong><\/a><\/h5>\n<h5 style=\"text-align: left;\"><a href=\"https:\/\/hungerprojekt.ch\/fr\/qui-sommes-nous\/vision-et-mission\/\">Vision et Mission<\/a><\/h5>\n<h5 style=\"text-align: left;\"><span style=\"color: #ffd214;\"><a style=\"color: #ffd214;\" href=\"https:\/\/hungerprojekt.ch\/fr\/qui-sommes-nous\/organisation\/\">Organisation<\/a><\/span><\/h5>\n<h5 style=\"text-align: left;\"><a href=\"https:\/\/hungerprojekt.ch\/fr\/qui-sommes-nous\/thp-dans-le-monde\/\">THP dans le monde<\/a><\/h5>\n<h5 style=\"text-align: left;\">\u00a0 \u00a0 \u00a0 <a href=\"https:\/\/hungerprojekt.ch\/fr\/qui-sommes-nous\/thp-dans-le-monde\/pays-avec-programmes\/\">&#8211; Pays avec progr.<\/a><\/h5>\n<h5 style=\"text-align: left;\">\u00a0 \u00a0 \u00a0 <a href=\"https:\/\/hungerprojekt.ch\/fr\/qui-sommes-nous\/thp-dans-le-monde\/pays-partenaires\/\">&#8211; Pays partenaires<\/a><\/h5>\n<h5 style=\"text-align: left;\"><a href=\"https:\/\/hungerprojekt.ch\/fr\/qui-sommes-nous\/thp-suisse-pays-avec-programmes\/\">THP Suisse<\/a><\/h5>\n<h5 style=\"text-align: left;\"><a href=\"https:\/\/hungerprojekt.ch\/fr\/qui-sommes-nous\/thp-suisse-pays-avec-programmes\/burkina-faso\/\">\u00a0 \u00a0 \u00a0 &#8211; Burkina Faso<\/a><\/h5>\n<h5 style=\"text-align: left;\"><a href=\"https:\/\/hungerprojekt.ch\/fr\/qui-sommes-nous\/thp-suisse-pays-avec-programmes\/ethiopie\/\">\u00a0 \u00a0 \u00a0 &#8211; \u00c9thiopie<\/a><\/h5>\n<h5 style=\"text-align: left;\"><a href=\"https:\/\/hungerprojekt.ch\/fr\/qui-sommes-nous\/thp-suisse-pays-avec-programmes\/ghana\/\">\u00a0 \u00a0 \u00a0 &#8211; Ghana<\/a><\/h5>\n<h5 style=\"text-align: left;\"><a href=\"https:\/\/hungerprojekt.ch\/fr\/qui-sommes-nous\/thp-suisse-pays-avec-programmes\/inde\/\">\u00a0 \u00a0 \u00a0 &#8211; Inde<\/a><\/h5>\n<h5 style=\"text-align: left;\"><a href=\"https:\/\/hungerprojekt.ch\/fr\/qui-sommes-nous\/thp-suisse-pays-avec-programmes\/mozambique\/\">\u00a0 \u00a0 \u00a0 &#8211; Mozambique<\/a><\/h5>\n<h5 style=\"text-align: left;\"><a href=\"https:\/\/hungerprojekt.ch\/fr\/qui-sommes-nous\/rapport-annuel\/\">Rapport annuel<\/a><\/h5>\n<h5 style=\"text-align: left;\"><a href=\"https:\/\/hungerprojekt.ch\/fr\/qui-sommes-nous\/certificat-zewo\/\">Certificat ZEWO<\/a><\/h5>\n<h5 style=\"text-align: left;\"><a href=\"https:\/\/hungerprojekt.ch\/fr\/qui-sommes-nous\/videos-et-flyer\/\">Flyer et Vid\u00e9os<\/a><\/h5>\n<p>[\/vc_column_text][\/vc_column][\/vc_row][vc_row css_animation=\u00a0\u00bb\u00a0\u00bb row_type=\u00a0\u00bbrow\u00a0\u00bb use_row_as_full_screen_section=\u00a0\u00bbno\u00a0\u00bb type=\u00a0\u00bbgrid\u00a0\u00bb angled_section=\u00a0\u00bbno\u00a0\u00bb text_align=\u00a0\u00bbleft\u00a0\u00bb background_image_as_pattern=\u00a0\u00bbwithout_pattern\u00a0\u00bb z_index=\u00a0\u00bb\u00a0\u00bb][vc_column offset=\u00a0\u00bbvc_hidden-lg vc_hidden-md\u00a0\u00bb][vc_column_text css=\u00a0\u00bb.vc_custom_1607290596421{padding-top: 30px !important;background-color: #ffffff !important;}\u00a0\u00bb]<\/p>\n<h6 style=\"text-align: left;\"><a href=\"http:\/\/hungerprojekt.ch\/fr\/\">Home<\/a> &gt;\u00a0<a href=\"https:\/\/hungerprojekt.ch\/fr\/qui-sommes-nous\/\">Qui sommes-nous<\/a> &gt; <a href=\"https:\/\/hungerprojekt.ch\/fr\/qui-sommes-nous\/organisation\/\">Organisation<\/a><\/h6>\n<p>[\/vc_column_text][vc_empty_space height=\u00a0\u00bb20&Prime; css=\u00a0\u00bb.vc_custom_1604579018353{background-color: #ffffff !important;}\u00a0\u00bb][vc_column_text css=\u00a0\u00bb.vc_custom_1765969156031{background-color: #ffffff !important;}\u00a0\u00bb]<\/p>\n<div class=\"et_pb_module et_pb_text et_pb_text_0 et_pb_text_align_center et_pb_bg_layout_light\">\n<div class=\"et_pb_text_inner\">\n<div class=\"et_pb_module et_pb_text et_pb_text_0 et_pb_text_align_center et_pb_bg_layout_light\">\n<div class=\"et_pb_text_inner\">\n<h1><strong>Notre organisation<\/strong><\/h1>\n<p>&nbsp;<\/p>\n<div>\n<h2 class=\"paragraph\"><strong>The Hunger Project dans le monde<\/strong><\/h2>\n<\/div>\n<\/div>\n<\/div>\n<div class=\"et_pb_module et_pb_text et_pb_text_1 et_pb_text_align_center et_pb_bg_layout_light\">\n<div class=\"et_pb_text_inner\">\n<div>\n<p>&nbsp;<\/p>\n<p class=\"paragraph\">The Hunger Project (THP) est une organisation \u00e0 but non lucratif active au niveau international, fond\u00e9e en 1977. Reconnue par les Nations Unies comme organisation non gouvernementale (ONG) dot\u00e9e du statut consultatif aupr\u00e8s du Conseil \u00e9conomique et social de l\u2019ONU, THP s\u2019engage \u00e0 mettre fin durablement \u00e0 la faim chronique et \u00e0 r\u00e9duire significativement l\u2019extr\u00eame pauvret\u00e9.<\/p>\n<p>L\u2019orientation strat\u00e9gique mondiale est d\u00e9finie par le Global Board, compos\u00e9 d\u2019experts renomm\u00e9s de la coop\u00e9ration au d\u00e9veloppement et du secteur financier. Depuis 2025, <span style=\"color: #000080;\"><a style=\"color: #000080;\" href=\"https:\/\/thp.org\/staff\/rowlands-kaotcha\/\">Rowlands Kaotcha<\/a><\/span> occupe le poste de Pr\u00e9sident et Directeur g\u00e9n\u00e9ral de The Hunger Project au niveau mondial.<\/p>\n<p>&nbsp;<\/p>\n<\/div>\n<\/div>\n<\/div>\n<h2 style=\"text-align: left;\"><strong>Le Projet Faim Suisse<\/strong><\/h2>\n<p>Le Projet Faim Suisse a \u00e9t\u00e9 fond\u00e9 en 1983 \u00e0 Gen\u00e8ve en tant qu\u2019association \u00e0 but non lucratif, non confessionnelle et politiquement ind\u00e9pendante. En tant que membre du mouvement mondial THP, nous agissons comme une ONG ind\u00e9pendante et exon\u00e9r\u00e9e d\u2019imp\u00f4ts en raison de notre statut d\u2019utilit\u00e9 publique. Nous sommes <a href=\"https:\/\/hungerprojekt.ch\/fr\/qui-sommes-nous\/certificat-zewo\/\">certifi\u00e9s ZEWO<\/a> depuis 2009 \u2013 un label de qualit\u00e9 qui garantit une utilisation des dons transparente, efficace et orient\u00e9e vers l\u2019impact.<\/p>\n<p>Nos membres et donateurs soutiennent des projets que nous s\u00e9lectionnons sp\u00e9cifiquement au sein du r\u00e9seau mondial de THP, notamment en Afrique. Gr\u00e2ce \u00e0 des approches innovantes et \u00e0 des programmes efficaces sur le long terme, nous nous engageons \u00e0 traiter les causes profondes de la faim et \u00e0 permettre aux personnes de mener une vie autonome.<\/p>\n<p>Toutes les contributions et tous les dons sont utilis\u00e9s conform\u00e9ment \u00e0 nos statuts :<\/p>\n<\/div>\n<\/div>\n<p style=\"text-align: left;\"><strong><span style=\"text-decoration: underline;\"><a href=\"https:\/\/hungerprojekt.ch\/wp-content\/uploads\/2025\/09\/f-CH-THP-statuts-2025-final.pdf\" target=\"_blank\" rel=\"noopener noreferrer\">Statuts du Projet Faim<\/a><\/span><\/strong><\/p>\n<p>&nbsp;<\/p>\n<div>\n<h1 class=\"paragraph\"><strong>Notre comit\u00e9<\/strong><\/h1>\n<\/div>\n<div>\n<p class=\"paragraph\">Notre comit\u00e9 b\u00e9n\u00e9vole est compos\u00e9 de personnes engag\u00e9es, poss\u00e9dant une vaste exp\u00e9rience dans l\u2019aide au d\u00e9veloppement et le secteur priv\u00e9. Leurs comp\u00e9tences couvrent la strat\u00e9gie, le d\u00e9veloppement des affaires, la finance, le droit, les ressources humaines, le marketing et le d\u00e9veloppement durable.<\/p>\n<\/div>\n<div>\n<p class=\"paragraph\">Ensemble, ils assument la responsabilit\u00e9 strat\u00e9gique du Projet Faim Suisse et veillent \u00e0 ce que notre vision d\u2019un monde sans faim soit poursuivie avec clart\u00e9, comp\u00e9tence et engagement.<\/p>\n<p>&nbsp;<\/p>\n<\/div>\n<div id=\"attachment_5375\" style=\"width: 610px\" class=\"wp-caption alignleft\"><img fetchpriority=\"high\" decoding=\"async\" aria-describedby=\"caption-attachment-5375\" class=\"wp-image-5375\" src=\"https:\/\/hungerprojekt.ch\/wp-content\/uploads\/2025\/07\/4376f6e7-c57c-49a7-8a28-a42c3ea4bdf1-1024x927.jpg\" alt=\"\" width=\"600\" height=\"543\" srcset=\"https:\/\/hungerprojekt.ch\/wp-content\/uploads\/2025\/07\/4376f6e7-c57c-49a7-8a28-a42c3ea4bdf1-1024x927.jpg 1024w, https:\/\/hungerprojekt.ch\/wp-content\/uploads\/2025\/07\/4376f6e7-c57c-49a7-8a28-a42c3ea4bdf1-300x272.jpg 300w, https:\/\/hungerprojekt.ch\/wp-content\/uploads\/2025\/07\/4376f6e7-c57c-49a7-8a28-a42c3ea4bdf1-768x695.jpg 768w, https:\/\/hungerprojekt.ch\/wp-content\/uploads\/2025\/07\/4376f6e7-c57c-49a7-8a28-a42c3ea4bdf1-1536x1391.jpg 1536w, https:\/\/hungerprojekt.ch\/wp-content\/uploads\/2025\/07\/4376f6e7-c57c-49a7-8a28-a42c3ea4bdf1-2048x1854.jpg 2048w, https:\/\/hungerprojekt.ch\/wp-content\/uploads\/2025\/07\/4376f6e7-c57c-49a7-8a28-a42c3ea4bdf1-700x634.jpg 700w\" sizes=\"(max-width: 600px) 100vw, 600px\" \/><p id=\"caption-attachment-5375\" class=\"wp-caption-text\">Rowlands Kaotcha (pr\u00e9sident-directeur g\u00e9n\u00e9ral de THP global) en visite en Suisse (de gauche \u00e0 droite) : Susanne Simon, Andreas Ragaz, Katja Fechteler, Rowlands Kaotcha, Alexandra Koch, Christine Brunel-Ligneau, Tom Waterhouse (absents : Daniel Heini ; Kristina Lasotta)<\/p><\/div>\n<p>&nbsp;<\/p>\n<div class=\"npobject\"><\/div>\n<p>[\/vc_column_text][vc_row_inner row_type=\u00a0\u00bbrow\u00a0\u00bb type=\u00a0\u00bbfull_width\u00a0\u00bb text_align=\u00a0\u00bbleft\u00a0\u00bb css_animation=\u00a0\u00bb\u00a0\u00bb][vc_column_inner width=\u00a0\u00bb1\/4&Prime;][vc_single_image image=\u00a0\u00bb5383&Prime; qode_css_animation=\u00a0\u00bb\u00a0\u00bb][vc_column_text css=\u00a0\u00bb\u00a0\u00bb]<\/p>\n<p style=\"font-weight: 400;\"><a href=\"https:\/\/www.linkedin.com\/in\/tomwaterhouse\/\"><strong>Tom Waterhouse<\/strong><\/a><\/p>\n<p>Pr\u00e9sident[\/vc_column_text][\/vc_column_inner][vc_column_inner width=\u00a0\u00bb1\/4&Prime;][vc_single_image image=\u00a0\u00bb5386&Prime; qode_css_animation=\u00a0\u00bb\u00a0\u00bb][vc_column_text]<a href=\"https:\/\/www.linkedin.com\/in\/christine-brunel-ligneau\/\"><strong>Christine Brunel-Ligneau<\/strong><\/a><\/p>\n<p>Collecte de fonds institutionnelle[\/vc_column_text][\/vc_column_inner][vc_column_inner width=\u00a0\u00bb1\/4&Prime;][vc_single_image image=\u00a0\u00bb5389&Prime; qode_css_animation=\u00a0\u00bb\u00a0\u00bb][vc_column_text css=\u00a0\u00bb\u00a0\u00bb]<a href=\"https:\/\/www.linkedin.com\/in\/daniel-heini-3222b149\/?originalSubdomain=ch\"><strong>Dr. iur. Daniel Heini<\/strong><\/a><\/p>\n<p>Droit et gouvernance[\/vc_column_text][\/vc_column_inner][\/vc_row_inner][vc_row_inner row_type=\u00a0\u00bbrow\u00a0\u00bb type=\u00a0\u00bbfull_width\u00a0\u00bb text_align=\u00a0\u00bbleft\u00a0\u00bb css_animation=\u00a0\u00bb\u00a0\u00bb][vc_column_inner width=\u00a0\u00bb1\/4&Prime;][vc_single_image image=\u00a0\u00bb6867&Prime; css=\u00a0\u00bb\u00a0\u00bb qode_css_animation=\u00a0\u00bb\u00a0\u00bb][vc_column_text]<a href=\"https:\/\/www.linkedin.com\/in\/kristina-lasotta\/\"><strong>Dr. rer. pol. Kristina Lasotta<\/strong><\/a><\/p>\n<p>Marketing et communication[\/vc_column_text][\/vc_column_inner][vc_column_inner width=\u00a0\u00bb1\/4&Prime;][vc_single_image image=\u00a0\u00bb5398&Prime; qode_css_animation=\u00a0\u00bb\u00a0\u00bb][vc_column_text css=\u00a0\u00bb\u00a0\u00bb]<strong>Andreas Ragaz<\/strong><\/p>\n<p>Gestion de programmes[\/vc_column_text][\/vc_column_inner][vc_column_inner width=\u00a0\u00bb1\/4&Prime;][vc_single_image image=\u00a0\u00bb5403&Prime; qode_css_animation=\u00a0\u00bb\u00a0\u00bb][vc_column_text]<a href=\"https:\/\/www.linkedin.com\/in\/susanne-simon-healthcare\/\"><b>Dr. rer. nat. Susanne Simon<\/b><\/a><\/p>\n<p>Personnel et organisation[\/vc_column_text][\/vc_column_inner][\/vc_row_inner][vc_row_inner row_type=\u00a0\u00bbrow\u00a0\u00bb type=\u00a0\u00bbfull_width\u00a0\u00bb text_align=\u00a0\u00bbleft\u00a0\u00bb css_animation=\u00a0\u00bb\u00a0\u00bb][vc_column_inner][vc_column_text]<\/p>\n<p>&nbsp;<\/p>\n<p>&nbsp;<\/p>\n<p>[\/vc_column_text][\/vc_column_inner][\/vc_row_inner][vc_column_text css=\u00a0\u00bb\u00a0\u00bb]<\/p>\n<h2><\/h2>\n<div>\n<h2><strong>Le comit\u00e9 est soutenu par un comit\u00e9 consultatif exp\u00e9riment\u00e9<\/strong><\/h2>\n<\/div>\n<div>\n<p>&nbsp;<\/p>\n<p><strong><span lang=\"FR-CH\">Dr. rer. nat. Christian Auer <\/span><\/strong><span lang=\"FR-CH\">\u2013 \u00c9pid\u00e9miologiste<\/span><\/p>\n<\/div>\n<div>\n<p><strong>Oliver Fueter <\/strong>\u2013 Journaliste radio et pr\u00e9sentateur<\/p>\n<\/div>\n<div>\n<p><strong>Max J. Koch <\/strong>\u2013 Ancien vice-directeur d&rsquo;une entreprise de transport<\/p>\n<\/div>\n<div>\n<p><strong>Ursula Willimann <\/strong>\u2013 Traductrice<\/p>\n<\/div>\n<p>&nbsp;<\/p>\n<h1><strong>Notre direction et notre \u00e9quipe<\/strong><\/h1>\n<p>La gestion op\u00e9rationnelle du Projet Faim Suisse est assur\u00e9e par nos directrice, <a href=\"https:\/\/www.linkedin.com\/in\/alexandra-koch-22224133\/\"><strong>Alexandra Koch,<\/strong><\/a> et <a href=\"https:\/\/www.linkedin.com\/in\/katja-fechteler-phd-mba\/\"><strong>Katja Fechteler<\/strong><\/a>. Avec une \u00e9quipe engag\u00e9e, elles mettend en \u0153uvre la strat\u00e9gie du comit\u00e9 et veillent \u00e0 ce que nos projets aient un impact durable.<\/p>\n<p>&nbsp;<\/p>\n<p><img decoding=\"async\" class=\"size-thumbnail wp-image-5405 alignleft\" src=\"https:\/\/hungerprojekt.ch\/wp-content\/uploads\/2025\/07\/6-150x150.jpg\" alt=\"\" width=\"150\" height=\"150\" srcset=\"https:\/\/hungerprojekt.ch\/wp-content\/uploads\/2025\/07\/6-150x150.jpg 150w, https:\/\/hungerprojekt.ch\/wp-content\/uploads\/2025\/07\/6-570x570.jpg 570w, https:\/\/hungerprojekt.ch\/wp-content\/uploads\/2025\/07\/6-500x500.jpg 500w, https:\/\/hungerprojekt.ch\/wp-content\/uploads\/2025\/07\/6-1000x1000.jpg 1000w\" sizes=\"(max-width: 150px) 100vw, 150px\" \/><\/p>\n<p>&nbsp;<\/p>\n<p style=\"font-weight: 400;\"><a href=\"https:\/\/www.linkedin.com\/in\/alexandra-koch-22224133\/\"><strong>Alexandra Koch \u2013 lic. rer. pol., MBA<\/strong><\/a><\/p>\n<p>Co-directrice<\/p>\n<p>&nbsp;<\/p>\n<p>&nbsp;<\/p>\n<p style=\"font-weight: 400;\"><a href=\"https:\/\/www.linkedin.com\/in\/katja-fechteler-phd-mba\/\"><strong><img decoding=\"async\" class=\"wp-image-5380 size-thumbnail alignleft\" src=\"https:\/\/hungerprojekt.ch\/wp-content\/uploads\/2025\/07\/2-150x150.jpg\" alt=\"\" width=\"150\" height=\"150\" srcset=\"https:\/\/hungerprojekt.ch\/wp-content\/uploads\/2025\/07\/2-150x150.jpg 150w, https:\/\/hungerprojekt.ch\/wp-content\/uploads\/2025\/07\/2-570x570.jpg 570w, https:\/\/hungerprojekt.ch\/wp-content\/uploads\/2025\/07\/2-500x500.jpg 500w, https:\/\/hungerprojekt.ch\/wp-content\/uploads\/2025\/07\/2-1000x1000.jpg 1000w\" sizes=\"(max-width: 150px) 100vw, 150px\" \/><\/strong><\/a><\/p>\n<p>&nbsp;<\/p>\n<p style=\"font-weight: 400;\"><a href=\"https:\/\/www.linkedin.com\/in\/katja-fechteler-phd-mba\/\"><strong>Dr. rer. nat. Katja Fechteler<\/strong><\/a><\/p>\n<p>Co-directrice<\/p>\n<p>&nbsp;<\/p>\n<p>&nbsp;<\/p>\n<p>&nbsp;<\/p>\n<div>\n<p><strong><span lang=\"DE\">Marion Massouline \u2013<\/span><\/strong><span lang=\"DE\"> Directrice marketing et communication<\/span><\/p>\n<\/div>\n<div>\n<p><strong><span lang=\"DE\">Stephanie Meyer <\/span><\/strong><span lang=\"DE\">\u2013 Comptabilit\u00e9 et collecte de fonds<\/span><\/p>\n<\/div>\n<div>\n<p><strong><span lang=\"DE\">Nadja Jung <\/span><\/strong><span lang=\"DE\">\u2013 Marketing et coordination des b\u00e9n\u00e9voles<\/span><\/p>\n<\/div>\n<div>\n<p>&nbsp;<\/p>\n<\/div>\n<h1><\/h1>\n<p>&nbsp;<\/p>\n<h1>Ambassadrice<\/h1>\n<p><img loading=\"lazy\" decoding=\"async\" class=\"wp-image-5481 size-thumbnail alignleft\" src=\"https:\/\/hungerprojekt.ch\/wp-content\/uploads\/2025\/08\/DSC_4336\u00a9AyseYavas2019-1-150x150.jpeg\" alt=\"\" width=\"150\" height=\"150\" srcset=\"https:\/\/hungerprojekt.ch\/wp-content\/uploads\/2025\/08\/DSC_4336\u00a9AyseYavas2019-1-150x150.jpeg 150w, https:\/\/hungerprojekt.ch\/wp-content\/uploads\/2025\/08\/DSC_4336\u00a9AyseYavas2019-1-570x570.jpeg 570w, https:\/\/hungerprojekt.ch\/wp-content\/uploads\/2025\/08\/DSC_4336\u00a9AyseYavas2019-1-500x500.jpeg 500w, https:\/\/hungerprojekt.ch\/wp-content\/uploads\/2025\/08\/DSC_4336\u00a9AyseYavas2019-1-1000x1000.jpeg 1000w\" sizes=\"(max-width: 150px) 100vw, 150px\" \/><\/p>\n<p>&nbsp;<\/p>\n<p>&nbsp;<\/p>\n<p><strong>Mona<\/strong> <strong>Petri <\/strong>\u2013 Actrice<\/p>\n<p>&nbsp;<\/p>\n<p>&nbsp;<\/p>\n<p>&nbsp;<\/p>\n<h1><\/h1>\n<h1><strong>B\u00e9n\u00e9voles<\/strong><\/h1>\n<p>Le Projet Faim Suisse b\u00e9n\u00e9ficie de l\u2019engagement inlassable de b\u00e9n\u00e9voles d\u00e9vou\u00e9s qui, tout comme les membres du comit\u00e9 et du comit\u00e9 consultatif, exercent leurs fonctions \u00e0 titre volontaire. Cette approche favorise une culture de responsabilit\u00e9 individuelle, d\u2019initiative et de solidarit\u00e9. Par ailleurs, elle permet de maintenir des co\u00fbts de personnel faibles, de sorte que la majeure partie des dons soit directement investie dans les projets.<\/p>\n<p style=\"font-weight: 400;\"><a href=\"https:\/\/hungerprojekt.ch\/fr\/votre-contribution\/benevolat\/\"><span style=\"font-weight: 400;\"><span style=\"color: #000080;\">En savoir plus sur le b\u00e9n\u00e9volat ici<\/span> <\/span><\/a><\/p>\n<p>[\/vc_column_text][\/vc_column][\/vc_row][vc_row css_animation=\u00a0\u00bb\u00a0\u00bb row_type=\u00a0\u00bbrow\u00a0\u00bb use_row_as_full_screen_section=\u00a0\u00bbno\u00a0\u00bb type=\u00a0\u00bbfull_width\u00a0\u00bb angled_section=\u00a0\u00bbno\u00a0\u00bb text_align=\u00a0\u00bbcenter\u00a0\u00bb background_image_as_pattern=\u00a0\u00bbwithout_pattern\u00a0\u00bb z_index=\u00a0\u00bb\u00a0\u00bb css=\u00a0\u00bb.vc_custom_1602087442483{margin-top: 50px !important;background-color: #0011aa !important;}\u00a0\u00bb][vc_column][vc_row_inner row_type=\u00a0\u00bbrow\u00a0\u00bb type=\u00a0\u00bbgrid\u00a0\u00bb text_align=\u00a0\u00bbcenter\u00a0\u00bb css_animation=\u00a0\u00bb\u00a0\u00bb css=\u00a0\u00bb.vc_custom_1602082086628{padding-top: 50px !important;padding-bottom: 50px !important;}\u00a0\u00bb][vc_column_inner width=\u00a0\u00bb2\/3&Prime; css=\u00a0\u00bb.vc_custom_1602075588363{padding-top: 10px !important;padding-bottom: 10px !important;}\u00a0\u00bb]<div class=\"custom_font_holder\" style=\"font-family: Unna; font-size: 34px; line-height: 41px; font-style: normal; font-weight: 300; color: #ffffff; text-decoration: none; text-align: center;\">Empowerment \u2013 Donnez et changez des vies!<\/div>[\/vc_column_inner][vc_column_inner width=\u00a0\u00bb1\/3&Prime; css=\u00a0\u00bb.vc_custom_1602075582964{padding-top: 10px !important;padding-bottom: 10px !important;}\u00a0\u00bb]<a  itemprop=\"url\" href=\"\/fr\/votre-contribution\/\" target=\"_self\" data-hover-background-color='#ffffff' data-hover-border-color='#ffffff' data-hover-color='#0011aa' class=\"qbutton  small center default\" style=\"color: #ffffff; border-color: #ffffff; font-style: normal; font-weight: 700; font-family: Source Sans Pro; text-transform: uppercase; background-color: #0011aa;\">Faire un don<\/a>[\/vc_column_inner][\/vc_row_inner][\/vc_column][\/vc_row]<\/p>\n<\/div>","protected":false},"excerpt":{"rendered":"<p>[vc_row css_animation=\u00a0\u00bb\u00a0\u00bb row_type=\u00a0\u00bbrow\u00a0\u00bb use_row_as_full_screen_section=\u00a0\u00bbno\u00a0\u00bb type=\u00a0\u00bbfull_width\u00a0\u00bb angled_section=\u00a0\u00bbno\u00a0\u00bb text_align=\u00a0\u00bbcenter\u00a0\u00bb background_image_as_pattern=\u00a0\u00bbwithout_pattern\u00a0\u00bb z_index=\u00a0\u00bb\u00a0\u00bb css=\u00a0\u00bb.vc_custom_1604521825735{background-color: #ffffff !important;}\u00a0\u00bb][vc_column][\/vc_column][\/vc_row][vc_row css_animation=\u00a0\u00bb\u00a0\u00bb row_type=\u00a0\u00bbrow\u00a0\u00bb use_row_as_full_screen_section=\u00a0\u00bbno\u00a0\u00bb type=\u00a0\u00bbfull_width\u00a0\u00bb angled_section=\u00a0\u00bbno\u00a0\u00bb text_align=\u00a0\u00bbcenter\u00a0\u00bb background_image_as_pattern=\u00a0\u00bbwithout_pattern\u00a0\u00bb z_index=\u00a0\u00bb\u00a0\u00bb css=\u00a0\u00bb.vc_custom_1604521825735{background-color: #ffffff !important;}\u00a0\u00bb][vc_column][vc_row_inner row_type=\u00a0\u00bbrow\u00a0\u00bb type=\u00a0\u00bbfull_width\u00a0\u00bb text_align=\u00a0\u00bbcenter\u00a0\u00bb css_animation=\u00a0\u00bb\u00a0\u00bb][vc_column_inner offset=\u00a0\u00bbvc_hidden-sm vc_hidden-xs\u00a0\u00bb css=\u00a0\u00bb.vc_custom_1606252335956{padding-top: 500px !important;background-image: url(https:\/\/hungerprojekt.ch\/wp-content\/uploads\/2020\/11\/zoom_taken_by_johannes_od_at_tkokokhe_ndereppe_epicenter_in_senegal_2015_21683883658_o.jpg?id=1081) !important;background-position: center !important;background-repeat: no-repeat !important;background-size: cover !important;}\u00a0\u00bb][\/vc_column_inner][\/vc_row_inner][vc_row_inner row_type=\u00a0\u00bbrow\u00a0\u00bb type=\u00a0\u00bbfull_width\u00a0\u00bb text_align=\u00a0\u00bbcenter\u00a0\u00bb css_animation=\u00a0\u00bb\u00a0\u00bb][vc_column_inner offset=\u00a0\u00bbvc_hidden-lg&#8230;<\/p>\n","protected":false},"author":1,"featured_media":0,"parent":1503,"menu_order":0,"comment_status":"closed","ping_status":"closed","template":"full_width.php","meta":{"inline_featured_image":false,"footnotes":""},"class_list":["post-1517","page","type-page","status-publish","hentry"],"_links":{"self":[{"href":"https:\/\/hungerprojekt.ch\/fr\/wp-json\/wp\/v2\/pages\/1517","targetHints":{"allow":["GET"]}}],"collection":[{"href":"https:\/\/hungerprojekt.ch\/fr\/wp-json\/wp\/v2\/pages"}],"about":[{"href":"https:\/\/hungerprojekt.ch\/fr\/wp-json\/wp\/v2\/types\/page"}],"author":[{"embeddable":true,"href":"https:\/\/hungerprojekt.ch\/fr\/wp-json\/wp\/v2\/users\/1"}],"replies":[{"embeddable":true,"href":"https:\/\/hungerprojekt.ch\/fr\/wp-json\/wp\/v2\/comments?post=1517"}],"version-history":[{"count":96,"href":"https:\/\/hungerprojekt.ch\/fr\/wp-json\/wp\/v2\/pages\/1517\/revisions"}],"predecessor-version":[{"id":6870,"href":"https:\/\/hungerprojekt.ch\/fr\/wp-json\/wp\/v2\/pages\/1517\/revisions\/6870"}],"up":[{"embeddable":true,"href":"https:\/\/hungerprojekt.ch\/fr\/wp-json\/wp\/v2\/pages\/1503"}],"wp:attachment":[{"href":"https:\/\/hungerprojekt.ch\/fr\/wp-json\/wp\/v2\/media?parent=1517"}],"curies":[{"name":"wp","href":"https:\/\/api.w.org\/{rel}","templated":true}]}}