{"id":1535,"date":"2020-12-04T14:47:37","date_gmt":"2020-12-04T13:47:37","guid":{"rendered":"https:\/\/hungerprojekt.ch\/unsere-antwort-auf-covid-19\/"},"modified":"2021-05-25T17:44:15","modified_gmt":"2021-05-25T15:44:15","slug":"notre-reponse-a-covid-19","status":"publish","type":"page","link":"https:\/\/hungerprojekt.ch\/fr\/notre-reponse-a-covid-19\/","title":{"rendered":"Notre r\u00e9ponse au COVID-19"},"content":{"rendered":"<div class=\"wpb-content-wrapper\"><p>[vc_row css_animation=\u00a0\u00bb\u00a0\u00bb row_type=\u00a0\u00bbrow\u00a0\u00bb use_row_as_full_screen_section=\u00a0\u00bbno\u00a0\u00bb type=\u00a0\u00bbfull_width\u00a0\u00bb angled_section=\u00a0\u00bbno\u00a0\u00bb text_align=\u00a0\u00bbcenter\u00a0\u00bb background_image_as_pattern=\u00a0\u00bbwithout_pattern\u00a0\u00bb z_index=\u00a0\u00bb\u00a0\u00bb css=\u00a0\u00bb.vc_custom_1604521825735{background-color: #ffffff !important;}\u00a0\u00bb][vc_column][vc_row_inner row_type=\u00a0\u00bbrow\u00a0\u00bb type=\u00a0\u00bbfull_width\u00a0\u00bb text_align=\u00a0\u00bbcenter\u00a0\u00bb css_animation=\u00a0\u00bb\u00a0\u00bb][vc_column_inner offset=\u00a0\u00bbvc_hidden-sm vc_hidden-xs\u00a0\u00bb css=\u00a0\u00bb.vc_custom_1605563048401{padding-top: 500px !important;background-image: url(https:\/\/hungerprojekt.ch\/wp-content\/uploads\/2020\/11\/5510497082_2de7816b87_k.jpg?id=369) !important;background-position: center !important;background-repeat: no-repeat !important;background-size: cover !important;}\u00a0\u00bb][\/vc_column_inner][\/vc_row_inner][vc_row_inner row_type=\u00a0\u00bbrow\u00a0\u00bb type=\u00a0\u00bbfull_width\u00a0\u00bb text_align=\u00a0\u00bbcenter\u00a0\u00bb css_animation=\u00a0\u00bb\u00a0\u00bb][vc_column_inner offset=\u00a0\u00bbvc_hidden-lg vc_hidden-md\u00a0\u00bb css=\u00a0\u00bb.vc_custom_1605563057011{padding-top: 200px !important;background-image: url(https:\/\/hungerprojekt.ch\/wp-content\/uploads\/2020\/11\/5510497082_2de7816b87_k.jpg?id=369) !important;background-position: center !important;background-repeat: no-repeat !important;background-size: cover !important;}\u00a0\u00bb][\/vc_column_inner][\/vc_row_inner][\/vc_column][\/vc_row][vc_row css_animation=\u00a0\u00bb\u00a0\u00bb row_type=\u00a0\u00bbrow\u00a0\u00bb use_row_as_full_screen_section=\u00a0\u00bbno\u00a0\u00bb type=\u00a0\u00bbgrid\u00a0\u00bb angled_section=\u00a0\u00bbno\u00a0\u00bb text_align=\u00a0\u00bbleft\u00a0\u00bb background_image_as_pattern=\u00a0\u00bbwithout_pattern\u00a0\u00bb z_index=\u00a0\u00bb\u00a0\u00bb][vc_column width=\u00a0\u00bb9\/12&Prime; offset=\u00a0\u00bbvc_hidden-sm vc_hidden-xs\u00a0\u00bb][vc_column_text css=\u00a0\u00bb.vc_custom_1612778784891{margin-top: -100px !important;padding-top: 30px !important;padding-right: 40px !important;padding-left: 40px !important;background-color: #ffffff !important;}\u00a0\u00bb]<\/p>\n<h6 style=\"text-align: left;\"><a href=\"https:\/\/hungerprojekt.ch\/fr\/\">Home<\/a> &gt; <a href=\"https:\/\/hungerprojekt.ch\/fr\/notre-reponse-a-covid-19\/\">Notre r\u00e9ponse au COVID-19<\/a><\/h6>\n<p>[\/vc_column_text][vc_empty_space height=\u00a0\u00bb20&Prime; css=\u00a0\u00bb.vc_custom_1604579018353{background-color: #ffffff !important;}\u00a0\u00bb][vc_column_text css=\u00a0\u00bb.vc_custom_1621956860951{padding-right: 40px !important;padding-left: 40px !important;background-color: #ffffff !important;}\u00a0\u00bb]<\/p>\n<div class=\"et_pb_module et_pb_text et_pb_text_0 et_pb_text_align_center et_pb_bg_layout_light\">\n<div class=\"et_pb_text_inner\">\n<h1>Notre r\u00e9ponse au COVID-19<\/h1>\n<p>&nbsp;<\/p>\n<div class=\"npcontent\">\n<div class=\"npobject\">\n<p>Notre approche holistique encourage les syst\u00e8mes r\u00e9silients, les dirigeants locaux et la r\u00e9silience. Elle aide ainsi les communaut\u00e9s villageoises \u00e0 relever les d\u00e9fis, m\u00eame ceux d\u00e9j\u00e0 existants. Pour contrer les effets de la pand\u00e9mie, nous avons mobilis\u00e9 plus de 500 000 volontaires et \u00ab\u00a0leaders\u00a0\u00bb form\u00e9s dans 13 pays. Gr\u00e2ce \u00e0 ces r\u00e9seaux, nous avons travaill\u00e9 avec nos partenaires locaux pour nous assurer que les communaut\u00e9s villageoises disposaient des informations et des outils dont elles avaient besoin pour att\u00e9nuer l&rsquo;impact de la pand\u00e9mie.<\/p>\n<p>&nbsp;<\/p>\n<p>Depuis mars 2020, nous avons mis en \u0153uvre avec succ\u00e8s diverses mesures dans plusieurs r\u00e9gions :<\/p>\n<p>&nbsp;<\/p>\n<p>\u2022 En Afrique, nous avons install\u00e9 plus de <strong>6 500 \u00ab\u00a0Tippy Taps\u00a0\u00bb<\/strong> &#8211; des stations de lavage des mains sans contact &#8211; accompagn\u00e9s de vastes campagnes d&rsquo;\u00e9ducation.<\/p>\n<\/div>\n<\/div>\n<\/div>\n<\/div>\n<p>&nbsp;<\/p>\n<p>\u2022 Au Mexique, nous avons traduit et partag\u00e9 une campagne d&rsquo;\u00e9ducation pour les populations indig\u00e8nes en sept langues.<\/p>\n<p>&nbsp;<\/p>\n<p>\u2022 En Inde, nous avons fourni \u00e0 <strong>8 000 conseill\u00e8res locales<\/strong> des informations sur les programmes locaux d&rsquo;aide Corona, qu&rsquo;elles ont partag\u00e9es avec leurs plus de 500 000 \u00e9lecteurs (notamment via WhatsApp).<\/p>\n<p>&nbsp;<\/p>\n<p>\u2022 En Afrique, nous avons pris des mesures pour am\u00e9liorer le stockage des aliments au niveau local et augmenter le rendement des cultures.<\/p>\n<p>&nbsp;<\/p>\n<p>Dans le monde entier<\/p>\n<p>&nbsp;<\/p>\n<p>\u2022 nous avons touch\u00e9 plus de <strong>3,6 millions<\/strong> de personnes gr\u00e2ce \u00e0 nos campagnes d&rsquo;\u00e9ducation Covid-19, fournissant des informations sur les risques d&rsquo;infection et les r\u00e8gles de distance et d&rsquo;hygi\u00e8ne.<\/p>\n<p>&nbsp;<\/p>\n<p>\u2022 nous avons distribu\u00e9 plus de <strong>200 000 rations alimentaires<\/strong> aux membres de la communaut\u00e9 dans le besoin.<\/p>\n<p>&nbsp;<\/p>\n<p>\u2022 plus de <strong>278 000 masques<\/strong> en tissu ont \u00e9t\u00e9 produits et distribu\u00e9s dans les communaut\u00e9s villageoises<\/p>\n<p>&nbsp;<\/p>\n<p>\u2022 nous avons distribu\u00e9s plus de <strong>65 000 kg de d\u00e9sinfectant<\/strong> pour les mains et <strong>210 000 kg de savon.<\/strong><\/p>\n<div class=\"et_pb_module et_pb_text et_pb_text_0 et_pb_text_align_center et_pb_bg_layout_light\">\n<div class=\"et_pb_text_inner\">\n<div class=\"npcontent\"><\/div>\n<\/div>\n<\/div>\n<p>[\/vc_column_text][\/vc_column][vc_column width=\u00a0\u00bb3\/12&Prime; offset=\u00a0\u00bbvc_hidden-md vc_hidden-sm vc_hidden-xs\u00a0\u00bb][\/vc_column][\/vc_row][vc_row css_animation=\u00a0\u00bb\u00a0\u00bb row_type=\u00a0\u00bbrow\u00a0\u00bb use_row_as_full_screen_section=\u00a0\u00bbno\u00a0\u00bb type=\u00a0\u00bbgrid\u00a0\u00bb angled_section=\u00a0\u00bbno\u00a0\u00bb text_align=\u00a0\u00bbleft\u00a0\u00bb background_image_as_pattern=\u00a0\u00bbwithout_pattern\u00a0\u00bb z_index=\u00a0\u00bb\u00a0\u00bb][vc_column width=\u00a0\u00bb9\/12&Prime; offset=\u00a0\u00bbvc_hidden-lg vc_hidden-md\u00a0\u00bb][vc_column_text css=\u00a0\u00bb.vc_custom_1612778791301{padding-top: 30px !important;background-color: #ffffff !important;}\u00a0\u00bb]<\/p>\n<h6 style=\"text-align: left;\"><a href=\"https:\/\/hungerprojekt.ch\/fr\/\">Home<\/a> &gt; <a href=\"https:\/\/hungerprojekt.ch\/fr\/notre-reponse-a-covid-19\/\">Notre r\u00e9ponse au COVID-19<\/a><\/h6>\n<p>[\/vc_column_text][vc_empty_space height=\u00a0\u00bb20&Prime; css=\u00a0\u00bb.vc_custom_1604579018353{background-color: #ffffff !important;}\u00a0\u00bb][vc_column_text css=\u00a0\u00bb.vc_custom_1621957443994{background-color: #ffffff !important;}\u00a0\u00bb]<\/p>\n<div class=\"et_pb_module et_pb_text et_pb_text_0 et_pb_text_align_center et_pb_bg_layout_light\">\n<div class=\"et_pb_text_inner\">\n<h1>Notre r\u00e9ponse au COVID-19<\/h1>\n<p>&nbsp;<\/p>\n<div class=\"npcontent\">\n<div class=\"npobject\">\n<p>Notre approche holistique encourage les syst\u00e8mes r\u00e9silients, les dirigeants locaux et la r\u00e9silience. Elle aide ainsi les communaut\u00e9s villageoises \u00e0 relever les d\u00e9fis, m\u00eame ceux d\u00e9j\u00e0 existants. Pour contrer les effets de la pand\u00e9mie, nous avons mobilis\u00e9 plus de 500 000 volontaires et \u00ab\u00a0leaders\u00a0\u00bb form\u00e9s dans 13 pays. Gr\u00e2ce \u00e0 ces r\u00e9seaux, nous avons travaill\u00e9 avec nos partenaires locaux pour nous assurer que les communaut\u00e9s villageoises disposaient des informations et des outils dont elles avaient besoin pour att\u00e9nuer l&rsquo;impact de la pand\u00e9mie.<\/p>\n<p>&nbsp;<\/p>\n<p>Depuis mars 2020, nous avons mis en \u0153uvre avec succ\u00e8s diverses mesures dans plusieurs r\u00e9gions :<\/p>\n<p>&nbsp;<\/p>\n<p>\u2022 En Afrique, nous avons install\u00e9 plus de <strong>6 500 \u00ab\u00a0Tippy Taps\u00a0\u00bb<\/strong> &#8211; des stations de lavage des mains sans contact &#8211; accompagn\u00e9s de vastes campagnes d&rsquo;\u00e9ducation.<\/p>\n<\/div>\n<\/div>\n<\/div>\n<\/div>\n<p>&nbsp;<\/p>\n<p>\u2022 Au Mexique, nous avons traduit et partag\u00e9 une campagne d&rsquo;\u00e9ducation pour les populations indig\u00e8nes en sept langues.<\/p>\n<p>&nbsp;<\/p>\n<p>\u2022 En Inde, nous avons fourni \u00e0 <strong>8 000 conseill\u00e8res locales<\/strong> des informations sur les programmes locaux d&rsquo;aide Corona, qu&rsquo;elles ont partag\u00e9es avec leurs plus de 500 000 \u00e9lecteurs (notamment via WhatsApp).<\/p>\n<p>&nbsp;<\/p>\n<p>\u2022 En Afrique, nous avons pris des mesures pour am\u00e9liorer le stockage des aliments au niveau local et augmenter le rendement des cultures.<\/p>\n<p>&nbsp;<\/p>\n<p>Dans le monde entier<\/p>\n<p>&nbsp;<\/p>\n<p>\u2022 nous avons touch\u00e9 plus de <strong>3,6 millions<\/strong> de personnes gr\u00e2ce \u00e0 nos campagnes d&rsquo;\u00e9ducation Covid-19, fournissant des informations sur les risques d&rsquo;infection et les r\u00e8gles de distance et d&rsquo;hygi\u00e8ne.<\/p>\n<p>&nbsp;<\/p>\n<p>\u2022 nous avons distribu\u00e9 plus de <strong>200 000 rations alimentaires<\/strong> aux membres de la communaut\u00e9 dans le besoin.<\/p>\n<p>&nbsp;<\/p>\n<p>\u2022 plus de <strong>278 000 masques<\/strong> en tissu ont \u00e9t\u00e9 produits et distribu\u00e9s dans les communaut\u00e9s villageoises<\/p>\n<p>&nbsp;<\/p>\n<p>\u2022 nous avons distribu\u00e9s plus de <strong>65 000 kg de d\u00e9sinfectant<\/strong> pour les mains et <strong>210 000 kg de savon.<\/strong><\/p>\n<div class=\"et_pb_module et_pb_text et_pb_text_0 et_pb_text_align_center et_pb_bg_layout_light\">\n<div class=\"et_pb_text_inner\">\n<div class=\"npcontent\"><\/div>\n<\/div>\n<\/div>\n<p>[\/vc_column_text][\/vc_column][vc_column width=\u00a0\u00bb3\/12&Prime; offset=\u00a0\u00bbvc_hidden-md vc_hidden-sm vc_hidden-xs\u00a0\u00bb][\/vc_column][\/vc_row][vc_row css_animation=\u00a0\u00bb\u00a0\u00bb row_type=\u00a0\u00bbrow\u00a0\u00bb use_row_as_full_screen_section=\u00a0\u00bbno\u00a0\u00bb type=\u00a0\u00bbfull_width\u00a0\u00bb angled_section=\u00a0\u00bbno\u00a0\u00bb text_align=\u00a0\u00bbcenter\u00a0\u00bb background_image_as_pattern=\u00a0\u00bbwithout_pattern\u00a0\u00bb z_index=\u00a0\u00bb\u00a0\u00bb css=\u00a0\u00bb.vc_custom_1602087442483{margin-top: 50px !important;background-color: #0011aa !important;}\u00a0\u00bb][vc_column][vc_row_inner row_type=\u00a0\u00bbrow\u00a0\u00bb type=\u00a0\u00bbgrid\u00a0\u00bb text_align=\u00a0\u00bbcenter\u00a0\u00bb css_animation=\u00a0\u00bb\u00a0\u00bb css=\u00a0\u00bb.vc_custom_1602082086628{padding-top: 50px !important;padding-bottom: 50px !important;}\u00a0\u00bb][vc_column_inner width=\u00a0\u00bb2\/3&Prime; css=\u00a0\u00bb.vc_custom_1602075588363{padding-top: 10px !important;padding-bottom: 10px !important;}\u00a0\u00bb]<div class=\"custom_font_holder\" style=\"font-family: Unna; font-size: 34px; line-height: 41px; font-style: normal; font-weight: 300; color: #ffffff; text-decoration: none; text-align: center;\">Empowerment \u2013 Donnez et changez des vies!<\/div>[\/vc_column_inner][vc_column_inner width=\u00a0\u00bb1\/3&Prime; css=\u00a0\u00bb.vc_custom_1602075582964{padding-top: 10px !important;padding-bottom: 10px !important;}\u00a0\u00bb]<a  itemprop=\"url\" href=\"\/fr\/votre-contribution\/\" target=\"_self\" data-hover-background-color='#ffffff' data-hover-border-color='#ffffff' data-hover-color='#0011aa' class=\"qbutton  small center default\" style=\"color: #ffffff; border-color: #ffffff; font-style: normal; font-weight: 700; font-family: Source Sans Pro; text-transform: uppercase; background-color: #0011aa;\">Faire un don<\/a>[\/vc_column_inner][\/vc_row_inner][\/vc_column][\/vc_row]<\/p>\n<\/div>","protected":false},"excerpt":{"rendered":"<p>[vc_row css_animation=\u00a0\u00bb\u00a0\u00bb row_type=\u00a0\u00bbrow\u00a0\u00bb use_row_as_full_screen_section=\u00a0\u00bbno\u00a0\u00bb type=\u00a0\u00bbfull_width\u00a0\u00bb angled_section=\u00a0\u00bbno\u00a0\u00bb text_align=\u00a0\u00bbcenter\u00a0\u00bb background_image_as_pattern=\u00a0\u00bbwithout_pattern\u00a0\u00bb z_index=\u00a0\u00bb\u00a0\u00bb css=\u00a0\u00bb.vc_custom_1604521825735{background-color: #ffffff !important;}\u00a0\u00bb][vc_column][vc_row_inner row_type=\u00a0\u00bbrow\u00a0\u00bb type=\u00a0\u00bbfull_width\u00a0\u00bb text_align=\u00a0\u00bbcenter\u00a0\u00bb css_animation=\u00a0\u00bb\u00a0\u00bb][vc_column_inner offset=\u00a0\u00bbvc_hidden-sm vc_hidden-xs\u00a0\u00bb css=\u00a0\u00bb.vc_custom_1605563048401{padding-top: 500px !important;background-image: url(https:\/\/hungerprojekt.ch\/wp-content\/uploads\/2020\/11\/5510497082_2de7816b87_k.jpg?id=369) !important;background-position: center !important;background-repeat: no-repeat !important;background-size: cover !important;}\u00a0\u00bb][\/vc_column_inner][\/vc_row_inner][vc_row_inner row_type=\u00a0\u00bbrow\u00a0\u00bb type=\u00a0\u00bbfull_width\u00a0\u00bb text_align=\u00a0\u00bbcenter\u00a0\u00bb css_animation=\u00a0\u00bb\u00a0\u00bb][vc_column_inner offset=\u00a0\u00bbvc_hidden-lg vc_hidden-md\u00a0\u00bb css=\u00a0\u00bb.vc_custom_1605563057011{padding-top: 200px !important;background-image: url(https:\/\/hungerprojekt.ch\/wp-content\/uploads\/2020\/11\/5510497082_2de7816b87_k.jpg?id=369) !important;background-position: center !important;background-repeat: no-repeat !important;background-size: cover&#8230;<\/p>\n","protected":false},"author":1,"featured_media":0,"parent":0,"menu_order":0,"comment_status":"closed","ping_status":"closed","template":"full_width.php","meta":{"inline_featured_image":false,"footnotes":""},"class_list":["post-1535","page","type-page","status-publish","hentry"],"_links":{"self":[{"href":"https:\/\/hungerprojekt.ch\/fr\/wp-json\/wp\/v2\/pages\/1535","targetHints":{"allow":["GET"]}}],"collection":[{"href":"https:\/\/hungerprojekt.ch\/fr\/wp-json\/wp\/v2\/pages"}],"about":[{"href":"https:\/\/hungerprojekt.ch\/fr\/wp-json\/wp\/v2\/types\/page"}],"author":[{"embeddable":true,"href":"https:\/\/hungerprojekt.ch\/fr\/wp-json\/wp\/v2\/users\/1"}],"replies":[{"embeddable":true,"href":"https:\/\/hungerprojekt.ch\/fr\/wp-json\/wp\/v2\/comments?post=1535"}],"version-history":[{"count":13,"href":"https:\/\/hungerprojekt.ch\/fr\/wp-json\/wp\/v2\/pages\/1535\/revisions"}],"predecessor-version":[{"id":3030,"href":"https:\/\/hungerprojekt.ch\/fr\/wp-json\/wp\/v2\/pages\/1535\/revisions\/3030"}],"wp:attachment":[{"href":"https:\/\/hungerprojekt.ch\/fr\/wp-json\/wp\/v2\/media?parent=1535"}],"curies":[{"name":"wp","href":"https:\/\/api.w.org\/{rel}","templated":true}]}}