{"id":1575,"date":"2020-12-05T11:41:26","date_gmt":"2020-12-05T10:41:26","guid":{"rendered":"https:\/\/hungerprojekt.ch\/notre-organisation\/jahresberichte\/"},"modified":"2026-08-04T09:45:41","modified_gmt":"2026-08-04T07:45:41","slug":"rapport-annuel","status":"publish","type":"page","link":"https:\/\/hungerprojekt.ch\/fr\/qui-sommes-nous\/rapport-annuel\/","title":{"rendered":"Rapport annuel"},"content":{"rendered":"<div class=\"wpb-content-wrapper\"><p>[vc_row css_animation=\u00a0\u00bb\u00a0\u00bb row_type=\u00a0\u00bbrow\u00a0\u00bb use_row_as_full_screen_section=\u00a0\u00bbno\u00a0\u00bb type=\u00a0\u00bbfull_width\u00a0\u00bb angled_section=\u00a0\u00bbno\u00a0\u00bb text_align=\u00a0\u00bbcenter\u00a0\u00bb background_image_as_pattern=\u00a0\u00bbwithout_pattern\u00a0\u00bb z_index=\u00a0\u00bb\u00a0\u00bb css=\u00a0\u00bb.vc_custom_1604521825735{background-color: #ffffff !important;}\u00a0\u00bb][vc_column][vc_row_inner row_type=\u00a0\u00bbrow\u00a0\u00bb type=\u00a0\u00bbfull_width\u00a0\u00bb text_align=\u00a0\u00bbcenter\u00a0\u00bb css_animation=\u00a0\u00bb\u00a0\u00bb][vc_column_inner offset=\u00a0\u00bbvc_hidden-sm vc_hidden-xs\u00a0\u00bb css=\u00a0\u00bb.vc_custom_1604698161101{padding-top: 500px !important;background-image: url(https:\/\/hungerprojekt.ch\/wp-content\/uploads\/2020\/11\/5510497082_2de7816b87_k.jpg?id=369) !important;background-position: center !important;background-repeat: no-repeat !important;background-size: cover !important;}\u00a0\u00bb][\/vc_column_inner][\/vc_row_inner][vc_row_inner row_type=\u00a0\u00bbrow\u00a0\u00bb type=\u00a0\u00bbfull_width\u00a0\u00bb text_align=\u00a0\u00bbcenter\u00a0\u00bb css_animation=\u00a0\u00bb\u00a0\u00bb][vc_column_inner offset=\u00a0\u00bbvc_hidden-lg vc_hidden-md\u00a0\u00bb css=\u00a0\u00bb.vc_custom_1604698173596{padding-top: 200px !important;background-image: url(https:\/\/hungerprojekt.ch\/wp-content\/uploads\/2020\/11\/5510497082_2de7816b87_k.jpg?id=369) !important;background-position: center !important;background-repeat: no-repeat !important;background-size: cover !important;}\u00a0\u00bb][\/vc_column_inner][\/vc_row_inner][\/vc_column][\/vc_row][vc_row css_animation=\u00a0\u00bb\u00a0\u00bb row_type=\u00a0\u00bbrow\u00a0\u00bb use_row_as_full_screen_section=\u00a0\u00bbno\u00a0\u00bb type=\u00a0\u00bbgrid\u00a0\u00bb angled_section=\u00a0\u00bbno\u00a0\u00bb text_align=\u00a0\u00bbleft\u00a0\u00bb background_image_as_pattern=\u00a0\u00bbwithout_pattern\u00a0\u00bb z_index=\u00a0\u00bb\u00a0\u00bb][vc_column width=\u00a0\u00bb9\/12&Prime; offset=\u00a0\u00bbvc_hidden-sm vc_hidden-xs\u00a0\u00bb][vc_column_text css=\u00a0\u00bb.vc_custom_1607435190479{margin-top: -100px !important;padding-top: 30px !important;padding-right: 40px !important;padding-left: 40px !important;background-color: #ffffff !important;}\u00a0\u00bb]<\/p>\n<h6 style=\"text-align: left;\"><a href=\"http:\/\/hungerprojekt.ch\/fr\/\">Home<\/a> &gt; <a href=\"https:\/\/hungerprojekt.ch\/fr\/qui-sommes-nous\/\">Qui sommes-nous<\/a> &gt; <a href=\"\/fr\/notre-organisation\/rapport-annuel\/\">Rapport annuel<\/a><\/h6>\n<p>[\/vc_column_text][vc_empty_space height=\u00a0\u00bb20&Prime; css=\u00a0\u00bb.vc_custom_1604579018353{background-color: #ffffff !important;}\u00a0\u00bb][vc_column_text css=\u00a0\u00bb.vc_custom_1785133222029{padding-right: 40px !important;padding-left: 40px !important;background-color: #ffffff !important;}\u00a0\u00bb]<\/p>\n<div class=\"et_pb_module et_pb_text et_pb_text_0 et_pb_text_align_center et_pb_bg_layout_light\">\n<div class=\"et_pb_text_inner\">\n<h1 style=\"text-align: left;\">Rapport annuel<\/h1>\n<\/div>\n<\/div>\n<p>&nbsp;<\/p>\n<p><strong>Transparence et impact<\/strong><br \/>\nNotre rapport annuel 2025 montre comment, avec le soutien de nos donateurs et donatrices, nous avons pu apporter une contribution significative \u00e0 la lutte contre la faim chronique et l\u2019extr\u00eame pauvret\u00e9 au cours de l\u2019ann\u00e9e \u00e9coul\u00e9e. Il met en lumi\u00e8re des personnes, des perspectives d\u2019avenir et des r\u00e9sultats concrets:<\/p>\n<p>&nbsp;<\/p>\n<p><strong>T\u00e9moignages personnels<\/strong>: faites la connaissance de personnes qui ont pu retrouver espoir et de nouvelles perspectives gr\u00e2ce \u00e0 leur participation \u00e0 l\u2019un de nos programmes.<\/p>\n<p>&nbsp;<\/p>\n<p><strong>Aper\u00e7u de nos pays d\u2019intervention<\/strong>: d\u00e9couvrez nos projets au B\u00e9nin et au Burkina Faso, de la production de beurre de karit\u00e9 \u00e0 la culture de patates douces r\u00e9sistantes au changement climatique.<\/p>\n<p>&nbsp;<\/p>\n<p><strong>Perspectives pour 2026:<\/strong> d\u00e9couvrez comment nous souhaitons faire \u00e9voluer notre travail et mettre en place de nouvelles initiatives au Ghana et en Zambie.[\/vc_column_text][vc_row_inner row_type=\u00a0\u00bbrow\u00a0\u00bb type=\u00a0\u00bbfull_width\u00a0\u00bb text_align=\u00a0\u00bbleft\u00a0\u00bb css_animation=\u00a0\u00bb\u00a0\u00bb css=\u00a0\u00bb.vc_custom_1606400491559{margin-top: 50px !important;}\u00a0\u00bb][vc_column_inner width=\u00a0\u00bb1\/2&Prime;][vc_single_image image=\u00a0\u00bb7146&Prime; img_size=\u00a0\u00bb335&#215;230&Prime; onclick=\u00a0\u00bbcustom_link\u00a0\u00bb img_link_target=\u00a0\u00bb_blank\u00a0\u00bb css=\u00a0\u00bb.vc_custom_1785829154890{padding-right: 40px !important;padding-left: 40px !important;}\u00a0\u00bb qode_css_animation=\u00a0\u00bb\u00a0\u00bb link=\u00a0\u00bbhttps:\/\/hungerprojekt.ch\/wp-content\/uploads\/2026\/08\/THPRapportAnnuel_2025.pdf\u00a0\u00bb][vc_column_text css=\u00a0\u00bb.vc_custom_1785829436684{margin-top: 10px !important;padding-right: 40px !important;padding-left: 40px !important;}\u00a0\u00bb]<\/p>\n<h3><a href=\"https:\/\/hungerprojekt.ch\/wp-content\/uploads\/2026\/08\/THPRapportAnnuel_2025.pdf\" target=\"_blank\" rel=\"noopener noreferrer\">Rapport annuel 2025<\/a><\/h3>\n<p>[\/vc_column_text][\/vc_column_inner][vc_column_inner width=\u00a0\u00bb1\/2&Prime;][vc_single_image image=\u00a0\u00bb5161&Prime; img_size=\u00a0\u00bb335&#215;230&Prime; onclick=\u00a0\u00bbcustom_link\u00a0\u00bb img_link_target=\u00a0\u00bb_blank\u00a0\u00bb css=\u00a0\u00bb.vc_custom_1746607579795{padding-right: 40px !important;padding-left: 40px !important;}\u00a0\u00bb qode_css_animation=\u00a0\u00bb\u00a0\u00bb link=\u00a0\u00bbhttps:\/\/hungerprojekt.ch\/wp-content\/uploads\/2025\/05\/Rapport-dactivite-et-comptes-de-lannee-2024-1.pdf\u00a0\u00bb][vc_column_text css=\u00a0\u00bb.vc_custom_1746607570427{margin-top: 10px !important;padding-right: 40px !important;padding-left: 40px !important;}\u00a0\u00bb]<\/p>\n<h3><a href=\"https:\/\/hungerprojekt.ch\/wp-content\/uploads\/2025\/05\/Rapport-dactivite-et-comptes-de-lannee-2024-1.pdf\" target=\"_blank\" rel=\"noopener noreferrer\">Rapport annuel 2024<\/a><\/h3>\n<p>[\/vc_column_text][\/vc_column_inner][\/vc_row_inner][vc_row_inner row_type=\u00a0\u00bbrow\u00a0\u00bb type=\u00a0\u00bbfull_width\u00a0\u00bb text_align=\u00a0\u00bbleft\u00a0\u00bb css_animation=\u00a0\u00bb\u00a0\u00bb css=\u00a0\u00bb.vc_custom_1604692614864{margin-top: 40px !important;}\u00a0\u00bb][vc_column_inner width=\u00a0\u00bb1\/4&Prime;][vc_single_image image=\u00a0\u00bb1581&Prime; img_size=\u00a0\u00bb80&#215;80&Prime; alignment=\u00a0\u00bbcenter\u00a0\u00bb onclick=\u00a0\u00bbcustom_link\u00a0\u00bb css=\u00a0\u00bb\u00a0\u00bb qode_css_animation=\u00a0\u00bb\u00a0\u00bb link=\u00a0\u00bbhttps:\/\/hungerprojekt.ch\/wp-content\/uploads\/2024\/05\/Rapport-annuel-et-comptes-annuels-2023_print-neu-1.pdf\u00a0\u00bb]<div class=\"custom_font_holder\" style=\"font-family: Source Sans Pro; font-size: 18px; line-height: 26px; font-style: normal; font-weight: 700; color: #0011aa; text-decoration: none; text-align: center;\"><a href=\"https:\/\/hungerprojekt.ch\/wp-content\/uploads\/2024\/05\/Rapport-annuel-et-comptes-annuels-2023_print-neu-1.pdf\"><span style=\"color: #0011aa;\">2023<\/span><\/a><\/div>[\/vc_column_inner][vc_column_inner width=\u00a0\u00bb1\/4&Prime;][vc_single_image image=\u00a0\u00bb1581&Prime; img_size=\u00a0\u00bb80&#215;80&Prime; alignment=\u00a0\u00bbcenter\u00a0\u00bb onclick=\u00a0\u00bbcustom_link\u00a0\u00bb css=\u00a0\u00bb\u00a0\u00bb qode_css_animation=\u00a0\u00bb\u00a0\u00bb link=\u00a0\u00bbhttps:\/\/hungerprojekt.ch\/wp-content\/uploads\/2023\/05\/Rapport-annuel_2022-neu-V2.pdf\u00a0\u00bb]<div class=\"custom_font_holder\" style=\"font-family: Source Sans Pro; font-size: 18px; line-height: 26px; font-style: normal; font-weight: 700; color: #0011aa; text-decoration: none; text-align: center;\"><a href=\"https:\/\/hungerprojekt.ch\/wp-content\/uploads\/2023\/05\/Rapport-annuel_2022-neu-V2.pdf\" target=\"_blank\" rel=\"noopener noreferrer\"><span style=\"color: #0011aa;\">2022<\/span><\/a><\/div>[\/vc_column_inner][vc_column_inner width=\u00a0\u00bb1\/4&Prime;][vc_single_image image=\u00a0\u00bb1581&Prime; img_size=\u00a0\u00bb80&#215;80&Prime; alignment=\u00a0\u00bbcenter\u00a0\u00bb onclick=\u00a0\u00bbcustom_link\u00a0\u00bb css=\u00a0\u00bb\u00a0\u00bb qode_css_animation=\u00a0\u00bb\u00a0\u00bb link=\u00a0\u00bbhttps:\/\/hungerprojekt.ch\/wp-content\/uploads\/2022\/06\/Rapport-dactivites-et-comptes-2021.pdf\u00a0\u00bb]<div class=\"custom_font_holder\" style=\"font-family: Source Sans Pro; font-size: 18px; line-height: 26px; font-style: normal; font-weight: 700; color: #0011aa; text-decoration: none; text-align: center;\"><a href=\"https:\/\/hungerprojekt.ch\/wp-content\/uploads\/2022\/06\/Rapport-dactivites-et-comptes-2021.pdf\" target=\"_blank\" rel=\"noopener noreferrer\"><span style=\"color: #0011aa;\">2021<\/span><\/a><\/p>\n<\/div>[\/vc_column_inner][vc_column_inner width=\u00a0\u00bb1\/4&Prime;][vc_single_image image=\u00a0\u00bb1581&Prime; img_size=\u00a0\u00bb80&#215;80&Prime; alignment=\u00a0\u00bbcenter\u00a0\u00bb onclick=\u00a0\u00bbcustom_link\u00a0\u00bb css=\u00a0\u00bb\u00a0\u00bb qode_css_animation=\u00a0\u00bb\u00a0\u00bb link=\u00a0\u00bbhttps:\/\/hungerprojekt.ch\/wp-content\/uploads\/2021\/05\/Rapport-annuel-avec-les-comptes-revises-2020.pdf\u00a0\u00bb]<div class=\"custom_font_holder\" style=\"font-family: Source Sans Pro; font-size: 18px; line-height: 26px; font-style: normal; font-weight: 700; color: #0011aa; text-decoration: none; text-align: center;\"><a href=\"https:\/\/hungerprojekt.ch\/wp-content\/uploads\/2021\/05\/Rapport-annuel-avec-les-comptes-revises-2020.pdf\" target=\"_blank\" rel=\"noopener noreferrer\"><span style=\"color: #0011aa;\">2020<\/span><\/a><\/p>\n<\/div>[\/vc_column_inner][\/vc_row_inner][\/vc_column][vc_column width=\u00a0\u00bb3\/12&Prime; offset=\u00a0\u00bbvc_hidden-md vc_hidden-sm vc_hidden-xs\u00a0\u00bb][vc_column_text css=\u00a0\u00bb.vc_custom_1607435360209{margin-top: 100px !important;margin-right: 1px !important;margin-left: 41px !important;padding-top: 20px !important;padding-bottom: 20px !important;padding-left: 20px !important;background-color: #0000aa !important;}\u00a0\u00bb]<\/p>\n<h5 style=\"text-align: left;\"><a href=\"https:\/\/hungerprojekt.ch\/fr\/qui-sommes-nous\/\"><strong>QUI SOMMES-NOUS<\/strong><\/a><\/h5>\n<h5 style=\"text-align: left;\"><a href=\"https:\/\/hungerprojekt.ch\/fr\/qui-sommes-nous\/vision-et-mission\/\">Vision et Mission<\/a><\/h5>\n<h5 style=\"text-align: left;\"><a href=\"https:\/\/hungerprojekt.ch\/fr\/qui-sommes-nous\/organisation\/\">Organisation<\/a><\/h5>\n<h5 style=\"text-align: left;\"><a href=\"https:\/\/hungerprojekt.ch\/fr\/qui-sommes-nous\/thp-dans-le-monde\/\">THP dans le monde<\/a><\/h5>\n<h5 style=\"text-align: left;\">\u00a0 \u00a0 \u00a0 <a href=\"https:\/\/hungerprojekt.ch\/fr\/qui-sommes-nous\/thp-dans-le-monde\/pays-avec-programmes\/\">&#8211; Pays avec progr.<\/a><\/h5>\n<h5 style=\"text-align: left;\">\u00a0 \u00a0 \u00a0 <a href=\"https:\/\/hungerprojekt.ch\/fr\/qui-sommes-nous\/thp-dans-le-monde\/pays-partenaires\/\">&#8211; Pays partenaires<\/a><\/h5>\n<h5 style=\"text-align: left;\"><a href=\"https:\/\/hungerprojekt.ch\/fr\/qui-sommes-nous\/thp-suisse-pays-avec-programmes\/\">THP Suisse<\/a><\/h5>\n<h5 style=\"text-align: left;\"><a href=\"https:\/\/hungerprojekt.ch\/fr\/qui-sommes-nous\/thp-suisse-pays-avec-programmes\/burkina-faso\/\">\u00a0 \u00a0 \u00a0 &#8211; Burkina Faso<\/a><\/h5>\n<h5 style=\"text-align: left;\"><a href=\"https:\/\/hungerprojekt.ch\/fr\/qui-sommes-nous\/thp-suisse-pays-avec-programmes\/ethiopie\/\">\u00a0 \u00a0 \u00a0 &#8211; \u00c9thiopie<\/a><\/h5>\n<h5 style=\"text-align: left;\"><a href=\"https:\/\/hungerprojekt.ch\/fr\/qui-sommes-nous\/thp-suisse-pays-avec-programmes\/ghana\/\">\u00a0 \u00a0 \u00a0 &#8211; Ghana<\/a><\/h5>\n<h5 style=\"text-align: left;\"><a href=\"https:\/\/hungerprojekt.ch\/fr\/qui-sommes-nous\/thp-suisse-pays-avec-programmes\/inde\/\">\u00a0 \u00a0 \u00a0 &#8211; Inde<\/a><\/h5>\n<h5 style=\"text-align: left;\"><a href=\"https:\/\/hungerprojekt.ch\/fr\/qui-sommes-nous\/thp-suisse-pays-avec-programmes\/mozambique\/\">\u00a0 \u00a0 \u00a0 &#8211; Mozambique<\/a><\/h5>\n<h5 style=\"text-align: left;\"><span style=\"color: #ffd214;\"><a style=\"color: #ffd214;\" href=\"https:\/\/hungerprojekt.ch\/fr\/qui-sommes-nous\/rapport-annuel\/\">Rapport annuel<\/a><\/span><\/h5>\n<h5 style=\"text-align: left;\"><a href=\"https:\/\/hungerprojekt.ch\/fr\/qui-sommes-nous\/certificat-zewo\/\">Certificat ZEWO<\/a><\/h5>\n<h5 style=\"text-align: left;\"><a href=\"https:\/\/hungerprojekt.ch\/fr\/qui-sommes-nous\/videos-et-flyer\/\">Flyer et Vid\u00e9os<\/a><\/h5>\n<p>[\/vc_column_text][\/vc_column][\/vc_row][vc_row css_animation=\u00a0\u00bb\u00a0\u00bb row_type=\u00a0\u00bbrow\u00a0\u00bb use_row_as_full_screen_section=\u00a0\u00bbno\u00a0\u00bb type=\u00a0\u00bbgrid\u00a0\u00bb angled_section=\u00a0\u00bbno\u00a0\u00bb text_align=\u00a0\u00bbleft\u00a0\u00bb background_image_as_pattern=\u00a0\u00bbwithout_pattern\u00a0\u00bb z_index=\u00a0\u00bb\u00a0\u00bb][vc_column width=\u00a0\u00bb9\/12&Prime; offset=\u00a0\u00bbvc_hidden-lg vc_hidden-md\u00a0\u00bb][vc_column_text css=\u00a0\u00bb.vc_custom_1607435198633{padding-top: 30px !important;background-color: #ffffff !important;}\u00a0\u00bb]<\/p>\n<h6 style=\"text-align: left;\"><a href=\"http:\/\/hungerprojekt.ch\/fr\/\">Home<\/a> &gt; <a href=\"https:\/\/hungerprojekt.ch\/fr\/qui-sommes-nous\/\">Qui sommes-nous<\/a> &gt; <a href=\"\/fr\/notre-organisation\/rapport-annuel\/\">Rapport annuel<\/a><\/h6>\n<p>[\/vc_column_text][vc_empty_space height=\u00a0\u00bb20&Prime; css=\u00a0\u00bb.vc_custom_1604579018353{background-color: #ffffff !important;}\u00a0\u00bb][vc_column_text css=\u00a0\u00bb.vc_custom_1785829530875{background-color: #ffffff !important;}\u00a0\u00bb]<\/p>\n<div class=\"et_pb_module et_pb_text et_pb_text_0 et_pb_text_align_center et_pb_bg_layout_light\">\n<div class=\"et_pb_text_inner\">\n<h1 style=\"text-align: left;\">Rapport annuel<\/h1>\n<\/div>\n<\/div>\n<div class=\"et_pb_module et_pb_text et_pb_text_1 et_pb_text_align_center et_pb_bg_layout_light\">\n<div class=\"et_pb_text_inner\">\n<div class=\"npobject\">\n<div class=\"npobject\">\n<div class=\"npobject\">\n<p>&nbsp;<\/p>\n<p><strong>Transparence et impact<\/strong><br \/>\nNotre rapport annuel 2025 montre comment, avec le soutien de nos donateurs et donatrices, nous avons pu apporter une contribution significative \u00e0 la lutte contre la faim chronique et l\u2019extr\u00eame pauvret\u00e9 au cours de l\u2019ann\u00e9e \u00e9coul\u00e9e. Il met en lumi\u00e8re des personnes, des perspectives d\u2019avenir et des r\u00e9sultats concrets:<\/p>\n<p>&nbsp;<\/p>\n<p><strong>T\u00e9moignages personnels<\/strong>: faites la connaissance de personnes qui ont pu retrouver espoir et de nouvelles perspectives gr\u00e2ce \u00e0 leur participation \u00e0 l\u2019un de nos programmes.<\/p>\n<p>&nbsp;<\/p>\n<p><strong>Aper\u00e7u de nos pays d\u2019intervention<\/strong>: d\u00e9couvrez nos projets au B\u00e9nin et au Burkina Faso, de la production de beurre de karit\u00e9 \u00e0 la culture de patates douces r\u00e9sistantes au changement climatique.<\/p>\n<p>&nbsp;<\/p>\n<p><strong>Perspectives pour 2026:<\/strong> d\u00e9couvrez comment nous souhaitons faire \u00e9voluer notre travail et mettre en place de nouvelles initiatives au Ghana et en Zambie.<\/p>\n<\/div>\n<\/div>\n<\/div>\n<\/div>\n<\/div>\n<p>[\/vc_column_text][vc_row_inner row_type=\u00a0\u00bbrow\u00a0\u00bb type=\u00a0\u00bbfull_width\u00a0\u00bb text_align=\u00a0\u00bbleft\u00a0\u00bb css_animation=\u00a0\u00bb\u00a0\u00bb css=\u00a0\u00bb.vc_custom_1606400491559{margin-top: 50px !important;}\u00a0\u00bb][vc_column_inner width=\u00a0\u00bb1\/2&Prime;][vc_single_image image=\u00a0\u00bb7146&Prime; img_size=\u00a0\u00bb335&#215;230&Prime; onclick=\u00a0\u00bbcustom_link\u00a0\u00bb img_link_target=\u00a0\u00bb_blank\u00a0\u00bb css=\u00a0\u00bb.vc_custom_1785829485569{padding-right: 40px !important;padding-left: 40px !important;}\u00a0\u00bb qode_css_animation=\u00a0\u00bb\u00a0\u00bb link=\u00a0\u00bbhttps:\/\/hungerprojekt.ch\/wp-content\/uploads\/2026\/08\/THPRapportAnnuel_2025.pdf\u00a0\u00bb][vc_column_text css=\u00a0\u00bb.vc_custom_1785829465826{margin-top: 10px !important;padding-right: 40px !important;padding-left: 40px !important;}\u00a0\u00bb]<\/p>\n<h3><a href=\"https:\/\/hungerprojekt.ch\/wp-content\/uploads\/2026\/08\/THPRapportAnnuel_2025.pdf\" target=\"_blank\" rel=\"noopener noreferrer\">Rapport annuel 2025<\/a><\/h3>\n<p>[\/vc_column_text][\/vc_column_inner][vc_column_inner width=\u00a0\u00bb1\/2&Prime;][vc_single_image image=\u00a0\u00bb5161&Prime; img_size=\u00a0\u00bb335&#215;230&Prime; onclick=\u00a0\u00bbcustom_link\u00a0\u00bb img_link_target=\u00a0\u00bb_blank\u00a0\u00bb css=\u00a0\u00bb.vc_custom_1746607626392{padding-right: 40px !important;padding-left: 40px !important;}\u00a0\u00bb qode_css_animation=\u00a0\u00bb\u00a0\u00bb link=\u00a0\u00bbhttps:\/\/hungerprojekt.ch\/wp-content\/uploads\/2025\/05\/Rapport-dactivite-et-comptes-de-lannee-2024-1.pdf\u00a0\u00bb][vc_column_text css=\u00a0\u00bb.vc_custom_1746607632711{margin-top: 10px !important;padding-right: 40px !important;padding-left: 40px !important;}\u00a0\u00bb]<\/p>\n<h3><a href=\"https:\/\/hungerprojekt.ch\/wp-content\/uploads\/2025\/05\/Rapport-dactivite-et-comptes-de-lannee-2024-1.pdf\" target=\"_blank\" rel=\"noopener noreferrer\">Rapport annuel 2024<\/a><\/h3>\n<p>[\/vc_column_text][\/vc_column_inner][\/vc_row_inner][vc_row_inner row_type=\u00a0\u00bbrow\u00a0\u00bb type=\u00a0\u00bbfull_width\u00a0\u00bb text_align=\u00a0\u00bbleft\u00a0\u00bb css_animation=\u00a0\u00bb\u00a0\u00bb css=\u00a0\u00bb.vc_custom_1604692614864{margin-top: 40px !important;}\u00a0\u00bb][vc_column_inner width=\u00a0\u00bb1\/4&Prime;][vc_single_image image=\u00a0\u00bb1581&Prime; img_size=\u00a0\u00bb80&#215;80&Prime; alignment=\u00a0\u00bbcenter\u00a0\u00bb onclick=\u00a0\u00bbcustom_link\u00a0\u00bb css=\u00a0\u00bb\u00a0\u00bb qode_css_animation=\u00a0\u00bb\u00a0\u00bb link=\u00a0\u00bbhttps:\/\/hungerprojekt.ch\/wp-content\/uploads\/2024\/05\/Rapport-annuel-et-comptes-annuels-2023_print-neu-1.pdf\u00a0\u00bb]<div class=\"custom_font_holder\" style=\"font-family: Source Sans Pro; font-size: 18px; line-height: 26px; font-style: normal; font-weight: 700; color: #0011aa; text-decoration: none; text-align: center;\"><a href=\"https:\/\/hungerprojekt.ch\/wp-content\/uploads\/2024\/05\/Rapport-annuel-et-comptes-annuels-2023_print-neu-1.pdf\" target=\"_blank\" rel=\"noopener noreferrer\"><span style=\"color: #0011aa;\">2023<\/span><\/a><\/div>[\/vc_column_inner][vc_column_inner width=\u00a0\u00bb1\/4&Prime;][vc_single_image image=\u00a0\u00bb1581&Prime; img_size=\u00a0\u00bb80&#215;80&Prime; alignment=\u00a0\u00bbcenter\u00a0\u00bb onclick=\u00a0\u00bbcustom_link\u00a0\u00bb css=\u00a0\u00bb\u00a0\u00bb qode_css_animation=\u00a0\u00bb\u00a0\u00bb link=\u00a0\u00bbhttps:\/\/hungerprojekt.ch\/wp-content\/uploads\/2023\/05\/Rapport-annuel_2022-neu-V2.pdf\u00a0\u00bb]<div class=\"custom_font_holder\" style=\"font-family: Source Sans Pro; font-size: 18px; line-height: 26px; font-style: normal; font-weight: 700; color: #0011aa; text-decoration: none; text-align: center;\"><a href=\"https:\/\/hungerprojekt.ch\/wp-content\/uploads\/2023\/05\/Rapport-annuel_2022-neu-V2.pdf\" target=\"_blank\" rel=\"noopener noreferrer\"><span style=\"color: #0011aa;\">2022<\/span><\/a><\/div>[\/vc_column_inner][vc_column_inner width=\u00a0\u00bb1\/4&Prime;][vc_single_image image=\u00a0\u00bb1581&Prime; img_size=\u00a0\u00bb80&#215;80&Prime; alignment=\u00a0\u00bbcenter\u00a0\u00bb onclick=\u00a0\u00bbcustom_link\u00a0\u00bb css=\u00a0\u00bb\u00a0\u00bb qode_css_animation=\u00a0\u00bb\u00a0\u00bb link=\u00a0\u00bbhttps:\/\/hungerprojekt.ch\/wp-content\/uploads\/2022\/06\/Rapport-dactivites-et-comptes-2021.pdf\u00a0\u00bb]<div class=\"custom_font_holder\" style=\"font-family: Source Sans Pro; font-size: 18px; line-height: 26px; font-style: normal; font-weight: 700; color: #0011aa; text-decoration: none; text-align: center;\"><a href=\"https:\/\/hungerprojekt.ch\/wp-content\/uploads\/2022\/06\/Rapport-dactivites-et-comptes-2021.pdf\" target=\"_blank\" rel=\"noopener noreferrer\"><span style=\"color: #0011aa;\">2021<\/span><\/a><\/p>\n<\/div>[\/vc_column_inner][vc_column_inner width=\u00a0\u00bb1\/4&Prime;][vc_single_image image=\u00a0\u00bb1581&Prime; img_size=\u00a0\u00bb80&#215;80&Prime; alignment=\u00a0\u00bbcenter\u00a0\u00bb onclick=\u00a0\u00bbcustom_link\u00a0\u00bb css=\u00a0\u00bb\u00a0\u00bb qode_css_animation=\u00a0\u00bb\u00a0\u00bb link=\u00a0\u00bbhttps:\/\/hungerprojekt.ch\/wp-content\/uploads\/2021\/05\/Rapport-annuel-avec-les-comptes-revises-2020.pdf\u00a0\u00bb]<div class=\"custom_font_holder\" style=\"font-family: Source Sans Pro; font-size: 18px; line-height: 26px; font-style: normal; font-weight: 700; color: #0011aa; text-decoration: none; text-align: center;\"><a href=\"https:\/\/hungerprojekt.ch\/wp-content\/uploads\/2021\/05\/Rapport-annuel-avec-les-comptes-revises-2020.pdf\" target=\"_blank\" rel=\"noopener noreferrer\"><span style=\"color: #0011aa;\">2020<\/span><\/a><\/p>\n<\/div>[\/vc_column_inner][\/vc_row_inner][\/vc_column][vc_column width=\u00a0\u00bb3\/12&Prime; offset=\u00a0\u00bbvc_hidden-md vc_hidden-sm vc_hidden-xs\u00a0\u00bb][\/vc_column][\/vc_row][vc_row css_animation=\u00a0\u00bb\u00a0\u00bb row_type=\u00a0\u00bbrow\u00a0\u00bb use_row_as_full_screen_section=\u00a0\u00bbno\u00a0\u00bb type=\u00a0\u00bbfull_width\u00a0\u00bb angled_section=\u00a0\u00bbno\u00a0\u00bb text_align=\u00a0\u00bbcenter\u00a0\u00bb background_image_as_pattern=\u00a0\u00bbwithout_pattern\u00a0\u00bb z_index=\u00a0\u00bb\u00a0\u00bb css=\u00a0\u00bb.vc_custom_1602087442483{margin-top: 50px !important;background-color: #0011aa !important;}\u00a0\u00bb][vc_column][vc_row_inner row_type=\u00a0\u00bbrow\u00a0\u00bb type=\u00a0\u00bbgrid\u00a0\u00bb text_align=\u00a0\u00bbcenter\u00a0\u00bb css_animation=\u00a0\u00bb\u00a0\u00bb css=\u00a0\u00bb.vc_custom_1602082086628{padding-top: 50px !important;padding-bottom: 50px !important;}\u00a0\u00bb][vc_column_inner width=\u00a0\u00bb2\/3&Prime; css=\u00a0\u00bb.vc_custom_1602075588363{padding-top: 10px !important;padding-bottom: 10px !important;}\u00a0\u00bb]<div class=\"custom_font_holder\" style=\"font-family: Unna; font-size: 34px; line-height: 41px; font-style: normal; font-weight: 300; color: #ffffff; text-decoration: none; text-align: center;\">Empowerment \u2013 Donnez et changez des vies!<\/div>[\/vc_column_inner][vc_column_inner width=\u00a0\u00bb1\/3&Prime; css=\u00a0\u00bb.vc_custom_1602075582964{padding-top: 10px !important;padding-bottom: 10px !important;}\u00a0\u00bb]<a  itemprop=\"url\" href=\"\/fr\/votre-contribution\/\" target=\"_self\" data-hover-background-color='#ffffff' data-hover-border-color='#ffffff' data-hover-color='#0011aa' class=\"qbutton  small center default\" style=\"color: #ffffff; border-color: #ffffff; font-style: normal; font-weight: 700; font-family: Source Sans Pro; text-transform: uppercase; background-color: #0011aa;\">Faire un don<\/a>[\/vc_column_inner][\/vc_row_inner][\/vc_column][\/vc_row]<\/p>\n<\/div>","protected":false},"excerpt":{"rendered":"<p>[vc_row css_animation=\u00a0\u00bb\u00a0\u00bb row_type=\u00a0\u00bbrow\u00a0\u00bb use_row_as_full_screen_section=\u00a0\u00bbno\u00a0\u00bb type=\u00a0\u00bbfull_width\u00a0\u00bb angled_section=\u00a0\u00bbno\u00a0\u00bb text_align=\u00a0\u00bbcenter\u00a0\u00bb background_image_as_pattern=\u00a0\u00bbwithout_pattern\u00a0\u00bb z_index=\u00a0\u00bb\u00a0\u00bb css=\u00a0\u00bb.vc_custom_1604521825735{background-color: #ffffff !important;}\u00a0\u00bb][vc_column][vc_row_inner row_type=\u00a0\u00bbrow\u00a0\u00bb type=\u00a0\u00bbfull_width\u00a0\u00bb text_align=\u00a0\u00bbcenter\u00a0\u00bb css_animation=\u00a0\u00bb\u00a0\u00bb][vc_column_inner offset=\u00a0\u00bbvc_hidden-sm vc_hidden-xs\u00a0\u00bb css=\u00a0\u00bb.vc_custom_1604698161101{padding-top: 500px !important;background-image: url(https:\/\/hungerprojekt.ch\/wp-content\/uploads\/2020\/11\/5510497082_2de7816b87_k.jpg?id=369) !important;background-position: center !important;background-repeat: no-repeat !important;background-size: cover !important;}\u00a0\u00bb][\/vc_column_inner][\/vc_row_inner][vc_row_inner row_type=\u00a0\u00bbrow\u00a0\u00bb type=\u00a0\u00bbfull_width\u00a0\u00bb text_align=\u00a0\u00bbcenter\u00a0\u00bb css_animation=\u00a0\u00bb\u00a0\u00bb][vc_column_inner offset=\u00a0\u00bbvc_hidden-lg vc_hidden-md\u00a0\u00bb css=\u00a0\u00bb.vc_custom_1604698173596{padding-top: 200px !important;background-image: url(https:\/\/hungerprojekt.ch\/wp-content\/uploads\/2020\/11\/5510497082_2de7816b87_k.jpg?id=369) !important;background-position: center !important;background-repeat: no-repeat !important;background-size: cover&#8230;<\/p>\n","protected":false},"author":1,"featured_media":0,"parent":1503,"menu_order":1,"comment_status":"closed","ping_status":"closed","template":"full_width.php","meta":{"inline_featured_image":false,"footnotes":""},"class_list":["post-1575","page","type-page","status-publish","hentry"],"_links":{"self":[{"href":"https:\/\/hungerprojekt.ch\/fr\/wp-json\/wp\/v2\/pages\/1575","targetHints":{"allow":["GET"]}}],"collection":[{"href":"https:\/\/hungerprojekt.ch\/fr\/wp-json\/wp\/v2\/pages"}],"about":[{"href":"https:\/\/hungerprojekt.ch\/fr\/wp-json\/wp\/v2\/types\/page"}],"author":[{"embeddable":true,"href":"https:\/\/hungerprojekt.ch\/fr\/wp-json\/wp\/v2\/users\/1"}],"replies":[{"embeddable":true,"href":"https:\/\/hungerprojekt.ch\/fr\/wp-json\/wp\/v2\/comments?post=1575"}],"version-history":[{"count":63,"href":"https:\/\/hungerprojekt.ch\/fr\/wp-json\/wp\/v2\/pages\/1575\/revisions"}],"predecessor-version":[{"id":7240,"href":"https:\/\/hungerprojekt.ch\/fr\/wp-json\/wp\/v2\/pages\/1575\/revisions\/7240"}],"up":[{"embeddable":true,"href":"https:\/\/hungerprojekt.ch\/fr\/wp-json\/wp\/v2\/pages\/1503"}],"wp:attachment":[{"href":"https:\/\/hungerprojekt.ch\/fr\/wp-json\/wp\/v2\/media?parent=1575"}],"curies":[{"name":"wp","href":"https:\/\/api.w.org\/{rel}","templated":true}]}}