{"id":1905,"date":"2020-12-07T14:57:20","date_gmt":"2020-12-07T13:57:20","guid":{"rendered":"https:\/\/hungerprojekt.ch\/votre-contribution\/partnerschaft\/"},"modified":"2026-04-24T07:57:24","modified_gmt":"2026-04-24T05:57:24","slug":"partenariat","status":"publish","type":"page","link":"https:\/\/hungerprojekt.ch\/fr\/votre-contribution\/partenariat\/","title":{"rendered":"Partenariat"},"content":{"rendered":"<div class=\"wpb-content-wrapper\"><p>[vc_row css_animation=\u00a0\u00bb\u00a0\u00bb row_type=\u00a0\u00bbrow\u00a0\u00bb use_row_as_full_screen_section=\u00a0\u00bbno\u00a0\u00bb type=\u00a0\u00bbfull_width\u00a0\u00bb angled_section=\u00a0\u00bbno\u00a0\u00bb text_align=\u00a0\u00bbcenter\u00a0\u00bb background_image_as_pattern=\u00a0\u00bbwithout_pattern\u00a0\u00bb z_index=\u00a0\u00bb\u00a0\u00bb css=\u00a0\u00bb.vc_custom_1604521825735{background-color: #ffffff !important;}\u00a0\u00bb][vc_column][vc_row_inner row_type=\u00a0\u00bbrow\u00a0\u00bb type=\u00a0\u00bbfull_width\u00a0\u00bb text_align=\u00a0\u00bbcenter\u00a0\u00bb css_animation=\u00a0\u00bb\u00a0\u00bb][vc_column_inner offset=\u00a0\u00bbvc_hidden-sm vc_hidden-xs\u00a0\u00bb css=\u00a0\u00bb.vc_custom_1604841962121{padding-top: 500px !important;background-image: url(https:\/\/hungerprojekt.ch\/wp-content\/uploads\/2020\/11\/293247.jpg?id=521) !important;background-position: center !important;background-repeat: no-repeat !important;background-size: cover !important;}\u00a0\u00bb][\/vc_column_inner][\/vc_row_inner][vc_row_inner row_type=\u00a0\u00bbrow\u00a0\u00bb type=\u00a0\u00bbfull_width\u00a0\u00bb text_align=\u00a0\u00bbcenter\u00a0\u00bb css_animation=\u00a0\u00bb\u00a0\u00bb][vc_column_inner offset=\u00a0\u00bbvc_hidden-lg vc_hidden-md\u00a0\u00bb css=\u00a0\u00bb.vc_custom_1604841989718{padding-top: 200px !important;background-image: url(https:\/\/hungerprojekt.ch\/wp-content\/uploads\/2020\/11\/293247.jpg?id=521) !important;background-position: center !important;background-repeat: no-repeat !important;background-size: cover !important;}\u00a0\u00bb][\/vc_column_inner][\/vc_row_inner][\/vc_column][\/vc_row][vc_row css_animation=\u00a0\u00bb\u00a0\u00bb row_type=\u00a0\u00bbrow\u00a0\u00bb use_row_as_full_screen_section=\u00a0\u00bbno\u00a0\u00bb type=\u00a0\u00bbgrid\u00a0\u00bb angled_section=\u00a0\u00bbno\u00a0\u00bb text_align=\u00a0\u00bbleft\u00a0\u00bb background_image_as_pattern=\u00a0\u00bbwithout_pattern\u00a0\u00bb z_index=\u00a0\u00bb\u00a0\u00bb][vc_column width=\u00a0\u00bb9\/12&Prime; offset=\u00a0\u00bbvc_hidden-sm vc_hidden-xs\u00a0\u00bb][vc_column_text css=\u00a0\u00bb.vc_custom_1607349704419{margin-top: -100px !important;padding-top: 30px !important;padding-right: 40px !important;padding-left: 40px !important;background-color: #ffffff !important;}\u00a0\u00bb]<\/p>\n<h6 style=\"text-align: left;\"><a href=\"http:\/\/hungerprojekt.ch\/fr\/\">Home<\/a> &gt; <a href=\"https:\/\/hungerprojekt.ch\/fr\/votre-contribution\/\">Votre contribution<\/a> &gt; <a href=\"https:\/\/hungerprojekt.ch\/fr\/votre-contribution\/partenariat\/\">Partenariat<\/a><\/h6>\n<p>[\/vc_column_text][vc_empty_space height=\u00a0\u00bb20&Prime; css=\u00a0\u00bb.vc_custom_1604579018353{background-color: #ffffff !important;}\u00a0\u00bb][vc_column_text css=\u00a0\u00bb.vc_custom_1777010203551{padding-right: 40px !important;padding-left: 40px !important;background-color: #ffffff !important;}\u00a0\u00bb]<\/p>\n<div class=\"et_pb_module et_pb_text et_pb_text_0 et_pb_text_align_center et_pb_bg_layout_light\">\n<div class=\"et_pb_text_inner\">\n<h1>Partenariat<\/h1>\n<div class=\"npcontent\">\n<div class=\"npobject\"><\/div>\n<div class=\"npobject\"><\/div>\n<\/div>\n<\/div>\n<\/div>\n<p>&nbsp;<\/p>\n<p>Votre soutien est un \u00e9l\u00e9ment important pour le succ\u00e8s de notre travail. Votre engagement peut sembler tr\u00e8s diff\u00e9rent: Devenez notre partenaire une ou plusieurs fois et combinez des modules individuels que nous vous proposons comme possibilit\u00e9s de coop\u00e9ration. <strong>Nous vous conseillons volontiers individuellement<\/strong>. Parlez-en avec nous!\u00a0<a href=\"https:\/\/hungerprojekt.ch\/fr\/contact\/\">Contact<\/a><\/p>\n<p>&nbsp;<\/p>\n<p>&nbsp;<\/p>\n<p>&nbsp;<\/p>\n<h2>Attentes du partenariat<\/h2>\n<p>&nbsp;<\/p>\n<p>Financer une partie importante et durable de l&rsquo;ind\u00e9pendance et vaincre la faim.<\/p>\n<p>&nbsp;<\/p>\n<p><strong>Contribution requise:<\/strong><\/p>\n<p>&nbsp;<\/p>\n<ul>\n<li>Aide financi\u00e8re<\/li>\n<li>Participation volontaire \u00e0 la communication<\/li>\n<\/ul>\n<p>&nbsp;<\/p>\n<p>&nbsp;<\/p>\n<p>&nbsp;<\/p>\n<div class=\"npobject\">\n<h2>J\u2019investis pour un monde sans faim.<\/h2>\n<\/div>\n<p>&nbsp;<\/p>\n<ul>\n<li><strong>Nous souhaitons \u00e9largir notre r\u00e9seau<\/strong>\u00a0d&rsquo;entreprises, de fondations, de communes et de cantons et nous invitons \u00e9galement les organisations sociales et les institutions de formation \u00e0 le faire.<\/li>\n<\/ul>\n<p>&nbsp;<\/p>\n<ul>\n<li><a href=\"http:\/\/www.hungerprojekt.ch\/fr\/votre-contribution\/exemption-de-impot\" target=\"_blank\" rel=\"noopener noreferrer\">Exon\u00e9ration d&rsquo;imp\u00f4t:<\/a>\u00a0Les prestations financi\u00e8res volontaires en faveur du Projet Faim Suisse sont d\u00e9ductibles de vos imp\u00f4ts dans tous les cantons et au niveau f\u00e9d\u00e9ral en raison des dispositions fiscales applicables.<\/li>\n<\/ul>\n<p>&nbsp;<\/p>\n<ul>\n<li>Mobiliser les communaut\u00e9s<\/li>\n<\/ul>\n<p>&nbsp;<\/p>\n<ul>\n<li>L&rsquo;\u00e9galit\u00e9 entre les femmes et les hommes<\/li>\n<\/ul>\n<p>&nbsp;<\/p>\n<ul>\n<li>La s\u00e9curit\u00e9 alimentaire<\/li>\n<\/ul>\n<p>&nbsp;<\/p>\n<ul>\n<li>\u00c9ducation et alphab\u00e9tisation<\/li>\n<\/ul>\n<p>&nbsp;<\/p>\n<ul>\n<li>Am\u00e9lioration de la sant\u00e9 et de la nutrition<\/li>\n<\/ul>\n<p>&nbsp;<\/p>\n<ul>\n<li>Eau propre<\/li>\n<\/ul>\n<p>&nbsp;<\/p>\n<ul>\n<li>Hygi\u00e8ne et maintien de la propret\u00e9 de l&rsquo;environnement<\/li>\n<\/ul>\n<p>&nbsp;<\/p>\n<ul>\n<li>La microfinance pour am\u00e9liorer le revenu familial<\/li>\n<\/ul>\n<p>&nbsp;<\/p>\n<ul>\n<li>\u00c9valuation du succ\u00e8s du programme<\/li>\n<\/ul>\n<p>&nbsp;<\/p>\n<ul>\n<li><span style=\"text-decoration: underline;\"><a href=\"\/wp-content\/uploads\/2020\/12\/pledgefr2018.pdf\" target=\"_blank\" rel=\"noopener noreferrer\">Formulaire d\u2019engagement<\/a><\/span><\/li>\n<\/ul>\n<ul>\n<li><span style=\"text-decoration: underline;\"><a title=\"Rapport annuel 2017\" href=\"https:\/\/hungerprojekt.ch\/wp-content\/uploads\/2024\/05\/Rapport-annuel-et-comptes-annuels-2023_print-neu.pdf\" target=\"_blank\" rel=\"noopener noreferrer\">Rapport annuel 2023<\/a><\/span><\/li>\n<\/ul>\n<p>&nbsp;<\/p>\n<p>&nbsp;<\/p>\n<div class=\"npobject\">\n<h2>Partenariats d&rsquo;entreprise \u00e0 long terme<\/h2>\n<\/div>\n<p>&nbsp;<\/p>\n<p>Nos remerciements particuliers pour le partenariat de longue date vont \u00e0<\/p>\n<p>&nbsp;<\/p>\n<p><span style=\"text-decoration: underline;\"><a href=\"https:\/\/www.daibau.ch\/gute_taten_schaffen_helden\" target=\"_blank\" rel=\"noopener noreferrer\">Daibau<\/a><\/span><\/p>\n<p>&nbsp;<\/p>\n<p>&nbsp;<\/p>\n<p>&nbsp;<\/p>\n<p><img fetchpriority=\"high\" decoding=\"async\" class=\"alignnone wp-image-1908\" src=\"https:\/\/hungerprojekt.ch\/wp-content\/uploads\/2020\/11\/293248-300x201.jpg\" alt=\"\" width=\"518\" height=\"347\" srcset=\"https:\/\/hungerprojekt.ch\/wp-content\/uploads\/2020\/11\/293248-300x201.jpg 300w, https:\/\/hungerprojekt.ch\/wp-content\/uploads\/2020\/11\/293248-1024x685.jpg 1024w, https:\/\/hungerprojekt.ch\/wp-content\/uploads\/2020\/11\/293248-768x514.jpg 768w, https:\/\/hungerprojekt.ch\/wp-content\/uploads\/2020\/11\/293248-700x468.jpg 700w, https:\/\/hungerprojekt.ch\/wp-content\/uploads\/2020\/11\/293248.jpg 1300w\" sizes=\"(max-width: 518px) 100vw, 518px\" \/><\/p>\n<p>&nbsp;<\/p>\n<p>&nbsp;<\/p>\n<h2>Remerciement<\/h2>\n<p>&nbsp;<\/p>\n<p>Nous tenons \u00e0 remercier nos donateurs individuels, les entreprises, les institutions publiques et les fondations pour leur contribution.<\/p>\n<p>&nbsp;<\/p>\n<p><span lang=\"FR-CH\">Nous mentionnons, \u00e0 leur demande, les organisations suivantes\u00a0<\/span>(<span lang=\"FR-CH\">dans l&rsquo;ordre alphab\u00e9tique, du rapport annuel 2024) <\/span>:<\/p>\n<div data-ccp-timestamp=\"1777010007487\">\n<table width=\"323\">\n<colgroup>\n<col width=\"323\" \/><\/colgroup>\n<tbody>\n<tr>\n<td class=\"xl61\" width=\"323\" height=\"20\">Association paroissiale catholique du Sacre-Coeur<\/td>\n<\/tr>\n<tr>\n<td class=\"xl61\" width=\"323\" height=\"20\">Bessere Zukunft Stiftung, Vaduz<\/td>\n<\/tr>\n<tr>\n<td class=\"xl61\" width=\"323\" height=\"20\">Bomatec AG, H\u00f6ri<\/td>\n<\/tr>\n<tr>\n<td class=\"xl61\" width=\"323\" height=\"20\">Commune de Belfaux<\/td>\n<\/tr>\n<tr>\n<td class=\"xl61\" width=\"323\" height=\"20\">Commune de Les Bois<\/td>\n<\/tr>\n<tr>\n<td class=\"xl61\" width=\"323\" height=\"20\">Commune de Meinier<\/td>\n<\/tr>\n<tr>\n<td class=\"xl61\" width=\"323\" height=\"20\">Commune de Plan-les-Ouates<\/td>\n<\/tr>\n<tr>\n<td class=\"xl61\" width=\"323\" height=\"20\">Commune de Presinge<\/td>\n<\/tr>\n<tr>\n<td class=\"xl61\" width=\"323\" height=\"20\">Commune de Pully<\/td>\n<\/tr>\n<tr>\n<td class=\"xl61\" width=\"323\" height=\"20\">Commune de Val de Bagnes<\/td>\n<\/tr>\n<tr>\n<td class=\"xl61\" width=\"323\" height=\"20\">Cross-IT GmbH<\/td>\n<\/tr>\n<tr>\n<td class=\"xl61\" width=\"323\" height=\"20\">D\u00e4ster-Schild Stiftung, Grenchen<\/td>\n<\/tr>\n<tr>\n<td class=\"xl61\" width=\"323\" height=\"20\">Diamondcode GmbH<\/td>\n<\/tr>\n<tr>\n<td class=\"xl61\" width=\"323\" height=\"20\">EERV Paroisse Plateau du Jorat<\/td>\n<\/tr>\n<tr>\n<td class=\"xl61\" width=\"323\" height=\"20\">Evang. Kirchgemeinde Jenaz\/Buchen<\/td>\n<\/tr>\n<tr>\n<td class=\"xl61\" width=\"323\" height=\"20\">Evang.-ref. Kirchgemeinde Bolligen<\/td>\n<\/tr>\n<tr>\n<td class=\"xl61\" width=\"323\" height=\"20\">Evang.-Ref. Kirchgemeinde Kriens<\/td>\n<\/tr>\n<tr>\n<td class=\"xl61\" width=\"323\" height=\"20\">Evang.-Ref. Kirchgemeinde Maur<\/td>\n<\/tr>\n<tr>\n<td class=\"xl61\" width=\"323\" height=\"20\">Evang.-Ref. Kirchgemeinde Sargans Mels Vilters-Wangs<\/td>\n<\/tr>\n<tr>\n<td class=\"xl61\" width=\"323\" height=\"20\">Evang.-Ref. Kirchgemeinde Z\u00fcrich<\/td>\n<\/tr>\n<tr>\n<td class=\"xl61\" width=\"323\" height=\"20\">Evang.-Ref. Landeskirche des Kantons Glarus<\/td>\n<\/tr>\n<tr>\n<td class=\"xl61\" width=\"323\" height=\"20\">Evangelisch-Lutherische Kirche Basel und Nordwestschweiz<\/td>\n<\/tr>\n<tr>\n<td class=\"xl61\" width=\"323\" height=\"20\">Felix Transport AG<\/td>\n<\/tr>\n<tr>\n<td class=\"xl61\" width=\"323\" height=\"20\">FoodYoung Labs SA, Balerna<\/td>\n<\/tr>\n<tr>\n<td class=\"xl61\" width=\"323\" height=\"20\">Gemeinde Bettingen<\/td>\n<\/tr>\n<tr>\n<td class=\"xl61\" width=\"323\" height=\"20\">Gemeinde Dottikon<\/td>\n<\/tr>\n<tr>\n<td class=\"xl61\" width=\"323\" height=\"20\">Gemeinde Lohn<\/td>\n<\/tr>\n<tr>\n<td class=\"xl61\" width=\"323\" height=\"20\">Gemeinde Meilen<\/td>\n<\/tr>\n<tr>\n<td class=\"xl61\" width=\"323\" height=\"20\">Gemeinde Roggwil TG<\/td>\n<\/tr>\n<tr>\n<td class=\"xl61\" width=\"323\" height=\"20\">Hotel Montreux Palace SA, Montreux<\/td>\n<\/tr>\n<tr>\n<td class=\"xl61\" width=\"323\" height=\"20\">Kanton Aargau<\/td>\n<\/tr>\n<tr>\n<td class=\"xl61\" width=\"323\" height=\"20\">Kanton Appenzell a.Rh<\/td>\n<\/tr>\n<tr>\n<td class=\"xl61\" width=\"323\" height=\"20\">Kanton Basel-Landschaft<\/td>\n<\/tr>\n<tr>\n<td class=\"xl61\" width=\"323\" height=\"20\">Kanton Basel-Stadt<\/td>\n<\/tr>\n<tr>\n<td class=\"xl61\" width=\"323\" height=\"20\">Kanton Glarus<\/td>\n<\/tr>\n<tr>\n<td class=\"xl61\" width=\"323\" height=\"20\">Kanton Graub\u00fcnden<\/td>\n<\/tr>\n<tr>\n<td class=\"xl61\" width=\"323\" height=\"20\">Kanton Nidwalden<\/td>\n<\/tr>\n<tr>\n<td class=\"xl61\" width=\"323\" height=\"20\">Kanton Obwalden<\/td>\n<\/tr>\n<tr>\n<td class=\"xl61\" width=\"323\" height=\"20\">Kanton Schaffhausen<\/td>\n<\/tr>\n<tr>\n<td class=\"xl61\" width=\"323\" height=\"20\">Kanton Uri<\/td>\n<\/tr>\n<tr>\n<td class=\"xl61\" width=\"323\" height=\"20\">Kanton Wallis<\/td>\n<\/tr>\n<tr>\n<td class=\"xl61\" width=\"323\" height=\"20\">Kath. Kirchgemeinde Gebenstorf-Turgi<\/td>\n<\/tr>\n<tr>\n<td class=\"xl61\" width=\"323\" height=\"20\">Kath. Kirchgemeinde Zug<\/td>\n<\/tr>\n<tr>\n<td class=\"xl61\" width=\"323\" height=\"20\">Kath. Kirchgemeinde, Altdorf<\/td>\n<\/tr>\n<tr>\n<td class=\"xl61\" width=\"323\" height=\"20\">Kath. Konfessionsteil des Kantons St. Gallen<\/td>\n<\/tr>\n<tr>\n<td class=\"xl61\" width=\"323\" height=\"20\">Kath. Pfarramt B\u00fcrglen<\/td>\n<\/tr>\n<tr>\n<td class=\"xl61\" width=\"323\" height=\"20\">Kath. Pfarramt Emmen<\/td>\n<\/tr>\n<tr>\n<td class=\"xl61\" width=\"323\" height=\"20\">Kath. Pfarramt Eschholzmatt<\/td>\n<\/tr>\n<tr>\n<td class=\"xl61\" width=\"323\" height=\"20\">Kath. Pfarramt Fl\u00fchli<\/td>\n<\/tr>\n<tr>\n<td class=\"xl61\" width=\"323\" height=\"20\">Kath. Pfarramt Marbach<\/td>\n<\/tr>\n<tr>\n<td class=\"xl61\" width=\"323\" height=\"20\">Kath. Pfarramt Sch\u00fcpfheim<\/td>\n<\/tr>\n<tr>\n<td class=\"xl61\" width=\"323\" height=\"20\">Kath. Pfarramt Oberuzwil<\/td>\n<\/tr>\n<tr>\n<td class=\"xl61\" width=\"323\" height=\"20\">Kath. Pfarramt S\u00f6renberg<\/td>\n<\/tr>\n<tr>\n<td class=\"xl61\" width=\"323\" height=\"20\">Katholische Kirche Sennwald und Gams<\/td>\n<\/tr>\n<tr>\n<td class=\"xl61\" width=\"323\" height=\"20\">Katholische Kirche St. Jakob, Ennetmoos<\/td>\n<\/tr>\n<tr>\n<td class=\"xl61\" width=\"323\" height=\"20\">L&rsquo;Eglise reform\u00e9e en Argovie, Aarau<\/td>\n<\/tr>\n<tr>\n<td class=\"xl61\" width=\"323\" height=\"20\">Missione Cattolica de Lingua Italiana, Uster<\/td>\n<\/tr>\n<tr>\n<td class=\"xl61\" width=\"323\" height=\"20\">Missione Cattolica Italiana, Wohlen AG<\/td>\n<\/tr>\n<tr>\n<td class=\"xl61\" width=\"323\" height=\"20\">Nando and Elsa Peretti Foundation, Vaduz<\/td>\n<\/tr>\n<tr>\n<td class=\"xl61\" width=\"323\" height=\"20\">\u00d6kum. Pfarramt KSBL Bruderholz<\/td>\n<\/tr>\n<tr>\n<td class=\"xl61\" width=\"323\" height=\"20\">Paroisse Cath.-Romaine, St-Imier<\/td>\n<\/tr>\n<tr>\n<td class=\"xl61\" width=\"323\" height=\"20\">Parrocchia San Giovanni Bosco-MCLI, Z\u00fcrich<\/td>\n<\/tr>\n<tr>\n<td class=\"xl61\" width=\"323\" height=\"20\">Pfarrei St. Martin, Thun<\/td>\n<\/tr>\n<tr>\n<td class=\"xl61\" width=\"323\" height=\"20\">Pfarrei St. Mauritius Engstringen, Oberengstringen<\/td>\n<\/tr>\n<tr>\n<td class=\"xl61\" width=\"323\" height=\"20\">Pfarrei St. Peter und Paul, Sarnen<\/td>\n<\/tr>\n<tr>\n<td class=\"xl61\" width=\"323\" height=\"20\">Pfarrei St. Ulrich, Neuenkirch<\/td>\n<\/tr>\n<tr>\n<td class=\"xl61\" width=\"323\" height=\"20\">Pfarrei St. Wendelin Hellb\u00fchl<\/td>\n<\/tr>\n<tr>\n<td class=\"xl61\" width=\"323\" height=\"20\">QoQa Services SA<\/td>\n<\/tr>\n<tr>\n<td class=\"xl61\" width=\"323\" height=\"20\">Ref. Kirchgemeinde Aarau<\/td>\n<\/tr>\n<tr>\n<td class=\"xl61\" width=\"323\" height=\"20\">Ref. Kirchgemeinde Cordast, Kleinb\u00f6singen<\/td>\n<\/tr>\n<tr>\n<td class=\"xl61\" width=\"323\" height=\"20\">Ref. Kirchgemeinde Liestal-Seltisberg<\/td>\n<\/tr>\n<tr>\n<td class=\"xl61\" width=\"323\" height=\"20\">Ref. Kirchgemeinde Wettingen-Neuenhof<\/td>\n<\/tr>\n<tr>\n<td class=\"xl61\" width=\"323\" height=\"20\">Reformierte Kirchgemeinde K\u00fcsnacht<\/td>\n<\/tr>\n<tr>\n<td class=\"xl61\" width=\"323\" height=\"20\">Reformierte Kirchgemeinde Stettlen<\/td>\n<\/tr>\n<tr>\n<td class=\"xl61\" width=\"323\" height=\"20\">R\u00f6m. kath. Kirchgemeinde Kriens<\/td>\n<\/tr>\n<tr>\n<td class=\"xl61\" width=\"323\" height=\"20\">R\u00f6m. kath. Kirchgemeinde Langenthal<\/td>\n<\/tr>\n<tr>\n<td class=\"xl61\" width=\"323\" height=\"20\">R\u00f6m.-Kath. Kirchenstiftung Dietlikon<\/td>\n<\/tr>\n<tr>\n<td class=\"xl61\" width=\"323\" height=\"20\">R\u00f6m.-Kath. Kirchgemeinde St. Peter und Paul, Z\u00fcrich<\/td>\n<\/tr>\n<tr>\n<td class=\"xl61\" width=\"323\" height=\"20\">R\u00f6m.-Kath. Kirchgemeinde, Pf\u00e4ffikon ZH<\/td>\n<\/tr>\n<tr>\n<td class=\"xl61\" width=\"323\" height=\"20\">R\u00f6m.-Kath. Kirchgemeinde, Therwil\/Biel-Benken<\/td>\n<\/tr>\n<tr>\n<td class=\"xl61\" width=\"323\" height=\"20\">R\u00f6m.-Kath. Kirchgemeinde Zofingen<\/td>\n<\/tr>\n<tr>\n<td class=\"xl61\" width=\"323\" height=\"20\">R\u00f6m.-Kath. Kirchgemeinde Zollikon-Zumikon<\/td>\n<\/tr>\n<tr>\n<td class=\"xl61\" width=\"323\" height=\"20\">R\u00f6m.-kath. Pfarramt Gunzgen, Kappel SO<\/td>\n<\/tr>\n<tr>\n<td class=\"xl61\" width=\"323\" height=\"20\">R\u00f6m.-Kath. Pfarramt St. Marien, Thun<\/td>\n<\/tr>\n<tr>\n<td class=\"xl61\" width=\"323\" height=\"20\">R\u00f6m.-Kath. Pfarramt Laufen<\/td>\n<\/tr>\n<tr>\n<td class=\"xl61\" width=\"323\" height=\"20\">R\u00f6m.-Kath. Pfarrei St. Franz Xaver, M\u00fcnchenstein<\/td>\n<\/tr>\n<tr>\n<td class=\"xl61\" width=\"323\" height=\"20\">R\u00f6misch-katholische Kirchgemeinde M\u00fcnsingen<\/td>\n<\/tr>\n<tr>\n<td class=\"xl61\" width=\"323\" height=\"20\">Soroptimist Club Brugg Baden<\/td>\n<\/tr>\n<tr>\n<td class=\"xl61\" width=\"323\" height=\"20\">Stadt Chur<\/td>\n<\/tr>\n<tr>\n<td class=\"xl61\" width=\"323\" height=\"20\">Stadt Wallisellen<\/td>\n<\/tr>\n<tr>\n<td class=\"xl61\" width=\"323\" height=\"20\">Tauro-Stiftung<\/td>\n<\/tr>\n<tr>\n<td class=\"xl61\" width=\"323\" height=\"20\">Verband der r\u00f6m.-kath. Kirchgemeinden der Stadt Z\u00fcrich<\/td>\n<\/tr>\n<tr>\n<td class=\"xl61\" width=\"323\" height=\"20\">Verband Evang.-Ref. Kirchgemeinde der Stadt Schaffhausen<\/td>\n<\/tr>\n<tr>\n<td class=\"xl61\" width=\"323\" height=\"20\">Ville de Lancy, Grand-Lancy<\/td>\n<\/tr>\n<tr>\n<td class=\"xl61\" width=\"323\" height=\"20\">Ville de Neuchatel<\/td>\n<\/tr>\n<\/tbody>\n<\/table>\n<\/div>\n<p><img decoding=\"async\" class=\"alignnone wp-image-1911\" src=\"https:\/\/hungerprojekt.ch\/wp-content\/uploads\/2020\/11\/293290-300x157.jpg\" alt=\"\" width=\"619\" height=\"324\" srcset=\"https:\/\/hungerprojekt.ch\/wp-content\/uploads\/2020\/11\/293290-300x157.jpg 300w, https:\/\/hungerprojekt.ch\/wp-content\/uploads\/2020\/11\/293290-700x366.jpg 700w, https:\/\/hungerprojekt.ch\/wp-content\/uploads\/2020\/11\/293290.jpg 720w\" sizes=\"(max-width: 619px) 100vw, 619px\" \/>ds[\/vc_column_text][\/vc_column][vc_column width=\u00a0\u00bb3\/12&Prime; offset=\u00a0\u00bbvc_hidden-md vc_hidden-sm vc_hidden-xs\u00a0\u00bb][vc_column_text css=\u00a0\u00bb.vc_custom_1607450542619{margin-top: 100px !important;margin-right: 1px !important;margin-left: 41px !important;padding-top: 20px !important;padding-bottom: 20px !important;padding-left: 20px !important;background-color: #0000aa !important;}\u00a0\u00bb]<\/p>\n<h5 style=\"text-align: left;\"><a href=\"https:\/\/hungerprojekt.ch\/fr\/votre-contribution\/\"><strong>VOTRE CONTRIBUTION<\/strong><\/a><\/h5>\n<h5 style=\"text-align: left;\"><span style=\"color: #ffd214;\"><a style=\"color: #ffd214;\" href=\"https:\/\/hungerprojekt.ch\/fr\/votre-contribution\/partenariat\/\">Partenariat<\/a><\/span><\/h5>\n<h5><a href=\"https:\/\/hungerprojekt.ch\/fr\/votre-contribution\/benevolat\/\">B\u00e9n\u00e9volat<\/a><\/h5>\n<h5 style=\"text-align: left;\"><a href=\"\/fr\/votre-contribution\/exemption-de-impot\/\">Exemption d\u2019imp\u00f4t<\/a><\/h5>\n<p>[\/vc_column_text][\/vc_column][\/vc_row][vc_row css_animation=\u00a0\u00bb\u00a0\u00bb row_type=\u00a0\u00bbrow\u00a0\u00bb use_row_as_full_screen_section=\u00a0\u00bbno\u00a0\u00bb type=\u00a0\u00bbgrid\u00a0\u00bb angled_section=\u00a0\u00bbno\u00a0\u00bb text_align=\u00a0\u00bbleft\u00a0\u00bb background_image_as_pattern=\u00a0\u00bbwithout_pattern\u00a0\u00bb z_index=\u00a0\u00bb\u00a0\u00bb][vc_column width=\u00a0\u00bb9\/12&Prime; offset=\u00a0\u00bbvc_hidden-lg vc_hidden-md\u00a0\u00bb][vc_column_text css=\u00a0\u00bb.vc_custom_1607349712903{padding-top: 30px !important;background-color: #ffffff !important;}\u00a0\u00bb]<\/p>\n<h6 style=\"text-align: left;\"><a href=\"http:\/\/hungerprojekt.ch\/fr\/\">Home<\/a> &gt; <a href=\"https:\/\/hungerprojekt.ch\/fr\/votre-contribution\/\">Votre contribution<\/a> &gt; <a href=\"https:\/\/hungerprojekt.ch\/fr\/votre-contribution\/partenariat\/\">Partenariat<\/a><\/h6>\n<p>[\/vc_column_text][vc_empty_space height=\u00a0\u00bb20&Prime; css=\u00a0\u00bb.vc_custom_1604579018353{background-color: #ffffff !important;}\u00a0\u00bb][vc_column_text css=\u00a0\u00bb.vc_custom_1777010239759{background-color: #ffffff !important;}\u00a0\u00bb]<\/p>\n<div class=\"et_pb_module et_pb_text et_pb_text_0 et_pb_text_align_center et_pb_bg_layout_light\">\n<div class=\"et_pb_text_inner\">\n<h1>Partenariat<\/h1>\n<div class=\"npcontent\">\n<div class=\"npobject\"><\/div>\n<div class=\"npobject\"><\/div>\n<\/div>\n<\/div>\n<\/div>\n<p>&nbsp;<\/p>\n<p>Votre soutien est un \u00e9l\u00e9ment important pour le succ\u00e8s de notre travail. Votre engagement peut sembler tr\u00e8s diff\u00e9rent: Devenez notre partenaire une ou plusieurs fois et combinez des modules individuels que nous vous proposons comme possibilit\u00e9s de coop\u00e9ration. <strong>Nous vous conseillons volontiers individuellement<\/strong>. Parlez-en avec nous!\u00a0<a href=\"https:\/\/hungerprojekt.ch\/fr\/contact\/\">Contact<\/a><\/p>\n<p>&nbsp;<\/p>\n<p>&nbsp;<\/p>\n<p>&nbsp;<\/p>\n<h2>Attentes du partenariat<\/h2>\n<p>&nbsp;<\/p>\n<p>Financer une partie importante et durable de l&rsquo;ind\u00e9pendance et vaincre la faim.<\/p>\n<p>&nbsp;<\/p>\n<p><strong>Contribution requise:<\/strong><\/p>\n<p>&nbsp;<\/p>\n<ul>\n<li>Aide financi\u00e8re<\/li>\n<li>Participation volontaire \u00e0 la communication<\/li>\n<\/ul>\n<p>&nbsp;<\/p>\n<p>&nbsp;<\/p>\n<p>&nbsp;<\/p>\n<div class=\"npobject\">\n<h2>J\u2019investis pour un monde sans faim.<\/h2>\n<\/div>\n<p>&nbsp;<\/p>\n<ul>\n<li><strong>Nous souhaitons \u00e9largir notre r\u00e9seau<\/strong>\u00a0d&rsquo;entreprises, de fondations, de communes et de cantons et nous invitons \u00e9galement les organisations sociales et les institutions de formation \u00e0 le faire.<\/li>\n<\/ul>\n<p>&nbsp;<\/p>\n<ul>\n<li><a href=\"http:\/\/www.hungerprojekt.ch\/fr\/votre-contribution\/exemption-de-impot\" target=\"_blank\" rel=\"noopener noreferrer\">Exon\u00e9ration d&rsquo;imp\u00f4t:<\/a>\u00a0Les prestations financi\u00e8res volontaires en faveur du Projet Faim Suisse sont d\u00e9ductibles de vos imp\u00f4ts dans tous les cantons et au niveau f\u00e9d\u00e9ral en raison des dispositions fiscales applicables.<\/li>\n<\/ul>\n<p>&nbsp;<\/p>\n<ul>\n<li>Mobiliser les communaut\u00e9s<\/li>\n<\/ul>\n<p>&nbsp;<\/p>\n<ul>\n<li>L&rsquo;\u00e9galit\u00e9 entre les femmes et les hommes<\/li>\n<\/ul>\n<p>&nbsp;<\/p>\n<ul>\n<li>La s\u00e9curit\u00e9 alimentaire<\/li>\n<\/ul>\n<p>&nbsp;<\/p>\n<ul>\n<li>\u00c9ducation et alphab\u00e9tisation<\/li>\n<\/ul>\n<p>&nbsp;<\/p>\n<ul>\n<li>Am\u00e9lioration de la sant\u00e9 et de la nutrition<\/li>\n<\/ul>\n<p>&nbsp;<\/p>\n<ul>\n<li>Eau propre<\/li>\n<\/ul>\n<p>&nbsp;<\/p>\n<ul>\n<li>Hygi\u00e8ne et maintien de la propret\u00e9 de l&rsquo;environnement<\/li>\n<\/ul>\n<p>&nbsp;<\/p>\n<ul>\n<li>La microfinance pour am\u00e9liorer le revenu familial<\/li>\n<\/ul>\n<p>&nbsp;<\/p>\n<ul>\n<li>\u00c9valuation du succ\u00e8s du programme<\/li>\n<\/ul>\n<p>&nbsp;<\/p>\n<ul>\n<li><span style=\"text-decoration: underline;\"><a href=\"\/wp-content\/uploads\/2020\/12\/pledgefr2018.pdf\" target=\"_blank\" rel=\"noopener noreferrer\">Formulaire d\u2019engagement<\/a><\/span><\/li>\n<\/ul>\n<ul>\n<li><span style=\"text-decoration: underline;\"><a title=\"Rapport annuel 2017\" href=\"https:\/\/hungerprojekt.ch\/wp-content\/uploads\/2024\/05\/Rapport-annuel-et-comptes-annuels-2023_print-neu.pdf\" target=\"_blank\" rel=\"noopener noreferrer\">Rapport annuel 2023<\/a><\/span><\/li>\n<\/ul>\n<p>&nbsp;<\/p>\n<p>&nbsp;<\/p>\n<div class=\"npobject\">\n<h2>Partenariats d&rsquo;entreprise \u00e0 long terme<\/h2>\n<\/div>\n<p>&nbsp;<\/p>\n<p>Nos remerciements particuliers pour le partenariat de longue date vont \u00e0<\/p>\n<p>&nbsp;<\/p>\n<p><span style=\"text-decoration: underline;\"><a href=\"https:\/\/www.daibau.ch\/gute_taten_schaffen_helden\" target=\"_blank\" rel=\"noopener noreferrer\">Daibau<\/a><\/span><\/p>\n<p>&nbsp;<\/p>\n<p>&nbsp;<\/p>\n<p>&nbsp;<\/p>\n<p>&nbsp;<\/p>\n<p><img fetchpriority=\"high\" decoding=\"async\" class=\"alignnone wp-image-1908\" src=\"https:\/\/hungerprojekt.ch\/wp-content\/uploads\/2020\/11\/293248-300x201.jpg\" alt=\"\" width=\"518\" height=\"347\" srcset=\"https:\/\/hungerprojekt.ch\/wp-content\/uploads\/2020\/11\/293248-300x201.jpg 300w, https:\/\/hungerprojekt.ch\/wp-content\/uploads\/2020\/11\/293248-1024x685.jpg 1024w, https:\/\/hungerprojekt.ch\/wp-content\/uploads\/2020\/11\/293248-768x514.jpg 768w, https:\/\/hungerprojekt.ch\/wp-content\/uploads\/2020\/11\/293248-700x468.jpg 700w, https:\/\/hungerprojekt.ch\/wp-content\/uploads\/2020\/11\/293248.jpg 1300w\" sizes=\"(max-width: 518px) 100vw, 518px\" \/><\/p>\n<p>&nbsp;<\/p>\n<p>&nbsp;<\/p>\n<h2>Remerciement<\/h2>\n<p>&nbsp;<\/p>\n<p>Nous tenons \u00e0 remercier nos donateurs individuels, les entreprises, les institutions publiques et les fondations pour leur contribution.<\/p>\n<p>&nbsp;<\/p>\n<div><span lang=\"FR-CH\">Nous mentionnons, \u00e0 leur demande, les organisations suivantes\u202f<\/span> (<span lang=\"FR-CH\">dans l&rsquo;ordre alphab\u00e9tique, du rapport annuel 2024) <\/span>:<\/div>\n<div><\/div>\n<div>\n<div data-ccp-timestamp=\"1777010007487\">\n<table width=\"323\">\n<colgroup>\n<col width=\"323\" \/><\/colgroup>\n<tbody>\n<tr>\n<td class=\"xl61\" width=\"323\" height=\"20\">Association paroissiale catholique du Sacre-Coeur<\/td>\n<\/tr>\n<tr>\n<td class=\"xl61\" width=\"323\" height=\"20\">Bessere Zukunft Stiftung, Vaduz<\/td>\n<\/tr>\n<tr>\n<td class=\"xl61\" width=\"323\" height=\"20\">Bomatec AG, H\u00f6ri<\/td>\n<\/tr>\n<tr>\n<td class=\"xl61\" width=\"323\" height=\"20\">Commune de Belfaux<\/td>\n<\/tr>\n<tr>\n<td class=\"xl61\" width=\"323\" height=\"20\">Commune de Les Bois<\/td>\n<\/tr>\n<tr>\n<td class=\"xl61\" width=\"323\" height=\"20\">Commune de Meinier<\/td>\n<\/tr>\n<tr>\n<td class=\"xl61\" width=\"323\" height=\"20\">Commune de Plan-les-Ouates<\/td>\n<\/tr>\n<tr>\n<td class=\"xl61\" width=\"323\" height=\"20\">Commune de Presinge<\/td>\n<\/tr>\n<tr>\n<td class=\"xl61\" width=\"323\" height=\"20\">Commune de Pully<\/td>\n<\/tr>\n<tr>\n<td class=\"xl61\" width=\"323\" height=\"20\">Commune de Val de Bagnes<\/td>\n<\/tr>\n<tr>\n<td class=\"xl61\" width=\"323\" height=\"20\">Cross-IT GmbH<\/td>\n<\/tr>\n<tr>\n<td class=\"xl61\" width=\"323\" height=\"20\">D\u00e4ster-Schild Stiftung, Grenchen<\/td>\n<\/tr>\n<tr>\n<td class=\"xl61\" width=\"323\" height=\"20\">Diamondcode GmbH<\/td>\n<\/tr>\n<tr>\n<td class=\"xl61\" width=\"323\" height=\"20\">EERV Paroisse Plateau du Jorat<\/td>\n<\/tr>\n<tr>\n<td class=\"xl61\" width=\"323\" height=\"20\">Evang. Kirchgemeinde Jenaz\/Buchen<\/td>\n<\/tr>\n<tr>\n<td class=\"xl61\" width=\"323\" height=\"20\">Evang.-ref. Kirchgemeinde Bolligen<\/td>\n<\/tr>\n<tr>\n<td class=\"xl61\" width=\"323\" height=\"20\">Evang.-Ref. Kirchgemeinde Kriens<\/td>\n<\/tr>\n<tr>\n<td class=\"xl61\" width=\"323\" height=\"20\">Evang.-Ref. Kirchgemeinde Maur<\/td>\n<\/tr>\n<tr>\n<td class=\"xl61\" width=\"323\" height=\"20\">Evang.-Ref. Kirchgemeinde Sargans Mels Vilters-Wangs<\/td>\n<\/tr>\n<tr>\n<td class=\"xl61\" width=\"323\" height=\"20\">Evang.-Ref. Kirchgemeinde Z\u00fcrich<\/td>\n<\/tr>\n<tr>\n<td class=\"xl61\" width=\"323\" height=\"20\">Evang.-Ref. Landeskirche des Kantons Glarus<\/td>\n<\/tr>\n<tr>\n<td class=\"xl61\" width=\"323\" height=\"20\">Evangelisch-Lutherische Kirche Basel und Nordwestschweiz<\/td>\n<\/tr>\n<tr>\n<td class=\"xl61\" width=\"323\" height=\"20\">Felix Transport AG<\/td>\n<\/tr>\n<tr>\n<td class=\"xl61\" width=\"323\" height=\"20\">FoodYoung Labs SA, Balerna<\/td>\n<\/tr>\n<tr>\n<td class=\"xl61\" width=\"323\" height=\"20\">Gemeinde Bettingen<\/td>\n<\/tr>\n<tr>\n<td class=\"xl61\" width=\"323\" height=\"20\">Gemeinde Dottikon<\/td>\n<\/tr>\n<tr>\n<td class=\"xl61\" width=\"323\" height=\"20\">Gemeinde Lohn<\/td>\n<\/tr>\n<tr>\n<td class=\"xl61\" width=\"323\" height=\"20\">Gemeinde Meilen<\/td>\n<\/tr>\n<tr>\n<td class=\"xl61\" width=\"323\" height=\"20\">Gemeinde Roggwil TG<\/td>\n<\/tr>\n<tr>\n<td class=\"xl61\" width=\"323\" height=\"20\">Hotel Montreux Palace SA, Montreux<\/td>\n<\/tr>\n<tr>\n<td class=\"xl61\" width=\"323\" height=\"20\">Kanton Aargau<\/td>\n<\/tr>\n<tr>\n<td class=\"xl61\" width=\"323\" height=\"20\">Kanton Appenzell a.Rh<\/td>\n<\/tr>\n<tr>\n<td class=\"xl61\" width=\"323\" height=\"20\">Kanton Basel-Landschaft<\/td>\n<\/tr>\n<tr>\n<td class=\"xl61\" width=\"323\" height=\"20\">Kanton Basel-Stadt<\/td>\n<\/tr>\n<tr>\n<td class=\"xl61\" width=\"323\" height=\"20\">Kanton Glarus<\/td>\n<\/tr>\n<tr>\n<td class=\"xl61\" width=\"323\" height=\"20\">Kanton Graub\u00fcnden<\/td>\n<\/tr>\n<tr>\n<td class=\"xl61\" width=\"323\" height=\"20\">Kanton Nidwalden<\/td>\n<\/tr>\n<tr>\n<td class=\"xl61\" width=\"323\" height=\"20\">Kanton Obwalden<\/td>\n<\/tr>\n<tr>\n<td class=\"xl61\" width=\"323\" height=\"20\">Kanton Schaffhausen<\/td>\n<\/tr>\n<tr>\n<td class=\"xl61\" width=\"323\" height=\"20\">Kanton Uri<\/td>\n<\/tr>\n<tr>\n<td class=\"xl61\" width=\"323\" height=\"20\">Kanton Wallis<\/td>\n<\/tr>\n<tr>\n<td class=\"xl61\" width=\"323\" height=\"20\">Kath. Kirchgemeinde Gebenstorf-Turgi<\/td>\n<\/tr>\n<tr>\n<td class=\"xl61\" width=\"323\" height=\"20\">Kath. Kirchgemeinde Zug<\/td>\n<\/tr>\n<tr>\n<td class=\"xl61\" width=\"323\" height=\"20\">Kath. Kirchgemeinde, Altdorf<\/td>\n<\/tr>\n<tr>\n<td class=\"xl61\" width=\"323\" height=\"20\">Kath. Konfessionsteil des Kantons St. Gallen<\/td>\n<\/tr>\n<tr>\n<td class=\"xl61\" width=\"323\" height=\"20\">Kath. Pfarramt B\u00fcrglen<\/td>\n<\/tr>\n<tr>\n<td class=\"xl61\" width=\"323\" height=\"20\">Kath. Pfarramt Emmen<\/td>\n<\/tr>\n<tr>\n<td class=\"xl61\" width=\"323\" height=\"20\">Kath. Pfarramt Eschholzmatt<\/td>\n<\/tr>\n<tr>\n<td class=\"xl61\" width=\"323\" height=\"20\">Kath. Pfarramt Fl\u00fchli<\/td>\n<\/tr>\n<tr>\n<td class=\"xl61\" width=\"323\" height=\"20\">Kath. Pfarramt Marbach<\/td>\n<\/tr>\n<tr>\n<td class=\"xl61\" width=\"323\" height=\"20\">Kath. Pfarramt Sch\u00fcpfheim<\/td>\n<\/tr>\n<tr>\n<td class=\"xl61\" width=\"323\" height=\"20\">Kath. Pfarramt Oberuzwil<\/td>\n<\/tr>\n<tr>\n<td class=\"xl61\" width=\"323\" height=\"20\">Kath. Pfarramt S\u00f6renberg<\/td>\n<\/tr>\n<tr>\n<td class=\"xl61\" width=\"323\" height=\"20\">Katholische Kirche Sennwald und Gams<\/td>\n<\/tr>\n<tr>\n<td class=\"xl61\" width=\"323\" height=\"20\">Katholische Kirche St. Jakob, Ennetmoos<\/td>\n<\/tr>\n<tr>\n<td class=\"xl61\" width=\"323\" height=\"20\">L&rsquo;Eglise reform\u00e9e en Argovie, Aarau<\/td>\n<\/tr>\n<tr>\n<td class=\"xl61\" width=\"323\" height=\"20\">Missione Cattolica de Lingua Italiana, Uster<\/td>\n<\/tr>\n<tr>\n<td class=\"xl61\" width=\"323\" height=\"20\">Missione Cattolica Italiana, Wohlen AG<\/td>\n<\/tr>\n<tr>\n<td class=\"xl61\" width=\"323\" height=\"20\">Nando and Elsa Peretti Foundation, Vaduz<\/td>\n<\/tr>\n<tr>\n<td class=\"xl61\" width=\"323\" height=\"20\">\u00d6kum. Pfarramt KSBL Bruderholz<\/td>\n<\/tr>\n<tr>\n<td class=\"xl61\" width=\"323\" height=\"20\">Paroisse Cath.-Romaine, St-Imier<\/td>\n<\/tr>\n<tr>\n<td class=\"xl61\" width=\"323\" height=\"20\">Parrocchia San Giovanni Bosco-MCLI, Z\u00fcrich<\/td>\n<\/tr>\n<tr>\n<td class=\"xl61\" width=\"323\" height=\"20\">Pfarrei St. Martin, Thun<\/td>\n<\/tr>\n<tr>\n<td class=\"xl61\" width=\"323\" height=\"20\">Pfarrei St. Mauritius Engstringen, Oberengstringen<\/td>\n<\/tr>\n<tr>\n<td class=\"xl61\" width=\"323\" height=\"20\">Pfarrei St. Peter und Paul, Sarnen<\/td>\n<\/tr>\n<tr>\n<td class=\"xl61\" width=\"323\" height=\"20\">Pfarrei St. Ulrich, Neuenkirch<\/td>\n<\/tr>\n<tr>\n<td class=\"xl61\" width=\"323\" height=\"20\">Pfarrei St. Wendelin Hellb\u00fchl<\/td>\n<\/tr>\n<tr>\n<td class=\"xl61\" width=\"323\" height=\"20\">QoQa Services SA<\/td>\n<\/tr>\n<tr>\n<td class=\"xl61\" width=\"323\" height=\"20\">Ref. Kirchgemeinde Aarau<\/td>\n<\/tr>\n<tr>\n<td class=\"xl61\" width=\"323\" height=\"20\">Ref. Kirchgemeinde Cordast, Kleinb\u00f6singen<\/td>\n<\/tr>\n<tr>\n<td class=\"xl61\" width=\"323\" height=\"20\">Ref. Kirchgemeinde Liestal-Seltisberg<\/td>\n<\/tr>\n<tr>\n<td class=\"xl61\" width=\"323\" height=\"20\">Ref. Kirchgemeinde Wettingen-Neuenhof<\/td>\n<\/tr>\n<tr>\n<td class=\"xl61\" width=\"323\" height=\"20\">Reformierte Kirchgemeinde K\u00fcsnacht<\/td>\n<\/tr>\n<tr>\n<td class=\"xl61\" width=\"323\" height=\"20\">Reformierte Kirchgemeinde Stettlen<\/td>\n<\/tr>\n<tr>\n<td class=\"xl61\" width=\"323\" height=\"20\">R\u00f6m. kath. Kirchgemeinde Kriens<\/td>\n<\/tr>\n<tr>\n<td class=\"xl61\" width=\"323\" height=\"20\">R\u00f6m. kath. Kirchgemeinde Langenthal<\/td>\n<\/tr>\n<tr>\n<td class=\"xl61\" width=\"323\" height=\"20\">R\u00f6m.-Kath. Kirchenstiftung Dietlikon<\/td>\n<\/tr>\n<tr>\n<td class=\"xl61\" width=\"323\" height=\"20\">R\u00f6m.-Kath. Kirchgemeinde St. Peter und Paul, Z\u00fcrich<\/td>\n<\/tr>\n<tr>\n<td class=\"xl61\" width=\"323\" height=\"20\">R\u00f6m.-Kath. Kirchgemeinde, Pf\u00e4ffikon ZH<\/td>\n<\/tr>\n<tr>\n<td class=\"xl61\" width=\"323\" height=\"20\">R\u00f6m.-Kath. Kirchgemeinde, Therwil\/Biel-Benken<\/td>\n<\/tr>\n<tr>\n<td class=\"xl61\" width=\"323\" height=\"20\">R\u00f6m.-Kath. Kirchgemeinde Zofingen<\/td>\n<\/tr>\n<tr>\n<td class=\"xl61\" width=\"323\" height=\"20\">R\u00f6m.-Kath. Kirchgemeinde Zollikon-Zumikon<\/td>\n<\/tr>\n<tr>\n<td class=\"xl61\" width=\"323\" height=\"20\">R\u00f6m.-kath. Pfarramt Gunzgen, Kappel SO<\/td>\n<\/tr>\n<tr>\n<td class=\"xl61\" width=\"323\" height=\"20\">R\u00f6m.-Kath. Pfarramt St. Marien, Thun<\/td>\n<\/tr>\n<tr>\n<td class=\"xl61\" width=\"323\" height=\"20\">R\u00f6m.-Kath. Pfarramt Laufen<\/td>\n<\/tr>\n<tr>\n<td class=\"xl61\" width=\"323\" height=\"20\">R\u00f6m.-Kath. Pfarrei St. Franz Xaver, M\u00fcnchenstein<\/td>\n<\/tr>\n<tr>\n<td class=\"xl61\" width=\"323\" height=\"20\">R\u00f6misch-katholische Kirchgemeinde M\u00fcnsingen<\/td>\n<\/tr>\n<tr>\n<td class=\"xl61\" width=\"323\" height=\"20\">Soroptimist Club Brugg Baden<\/td>\n<\/tr>\n<tr>\n<td class=\"xl61\" width=\"323\" height=\"20\">Stadt Chur<\/td>\n<\/tr>\n<tr>\n<td class=\"xl61\" width=\"323\" height=\"20\">Stadt Wallisellen<\/td>\n<\/tr>\n<tr>\n<td class=\"xl61\" width=\"323\" height=\"20\">Tauro-Stiftung<\/td>\n<\/tr>\n<tr>\n<td class=\"xl61\" width=\"323\" height=\"20\">Verband der r\u00f6m.-kath. Kirchgemeinden der Stadt Z\u00fcrich<\/td>\n<\/tr>\n<tr>\n<td class=\"xl61\" width=\"323\" height=\"20\">Verband Evang.-Ref. Kirchgemeinde der Stadt Schaffhausen<\/td>\n<\/tr>\n<tr>\n<td class=\"xl61\" width=\"323\" height=\"20\">Ville de Lancy, Grand-Lancy<\/td>\n<\/tr>\n<tr>\n<td class=\"xl61\" width=\"323\" height=\"20\">Ville de Neuchatel<\/td>\n<\/tr>\n<\/tbody>\n<\/table>\n<\/div>\n<\/div>\n<p><img decoding=\"async\" class=\"alignnone wp-image-1911\" src=\"https:\/\/hungerprojekt.ch\/wp-content\/uploads\/2020\/11\/293290-300x157.jpg\" alt=\"\" width=\"619\" height=\"324\" srcset=\"https:\/\/hungerprojekt.ch\/wp-content\/uploads\/2020\/11\/293290-300x157.jpg 300w, https:\/\/hungerprojekt.ch\/wp-content\/uploads\/2020\/11\/293290-700x366.jpg 700w, https:\/\/hungerprojekt.ch\/wp-content\/uploads\/2020\/11\/293290.jpg 720w\" sizes=\"(max-width: 619px) 100vw, 619px\" \/>[\/vc_column_text][\/vc_column][vc_column width=\u00a0\u00bb3\/12&Prime; offset=\u00a0\u00bbvc_hidden-md vc_hidden-sm vc_hidden-xs\u00a0\u00bb][\/vc_column][\/vc_row][vc_row css_animation=\u00a0\u00bb\u00a0\u00bb row_type=\u00a0\u00bbrow\u00a0\u00bb use_row_as_full_screen_section=\u00a0\u00bbno\u00a0\u00bb type=\u00a0\u00bbfull_width\u00a0\u00bb angled_section=\u00a0\u00bbno\u00a0\u00bb text_align=\u00a0\u00bbcenter\u00a0\u00bb background_image_as_pattern=\u00a0\u00bbwithout_pattern\u00a0\u00bb z_index=\u00a0\u00bb\u00a0\u00bb css=\u00a0\u00bb.vc_custom_1602087442483{margin-top: 50px !important;background-color: #0011aa !important;}\u00a0\u00bb][vc_column][vc_row_inner row_type=\u00a0\u00bbrow\u00a0\u00bb type=\u00a0\u00bbgrid\u00a0\u00bb text_align=\u00a0\u00bbcenter\u00a0\u00bb css_animation=\u00a0\u00bb\u00a0\u00bb css=\u00a0\u00bb.vc_custom_1602082086628{padding-top: 50px !important;padding-bottom: 50px !important;}\u00a0\u00bb][vc_column_inner width=\u00a0\u00bb2\/3&Prime; css=\u00a0\u00bb.vc_custom_1602075588363{padding-top: 10px !important;padding-bottom: 10px !important;}\u00a0\u00bb]<div class=\"custom_font_holder\" style=\"font-family: Unna; font-size: 34px; line-height: 41px; font-style: normal; font-weight: 300; color: #ffffff; text-decoration: none; text-align: center;\">Empowerment \u2013 Donnez et changez des vies!<\/div>[\/vc_column_inner][vc_column_inner width=\u00a0\u00bb1\/3&Prime; css=\u00a0\u00bb.vc_custom_1602075582964{padding-top: 10px !important;padding-bottom: 10px !important;}\u00a0\u00bb]<a  itemprop=\"url\" href=\"\/fr\/votre-contribution\/\" target=\"_self\" data-hover-background-color='#ffffff' data-hover-border-color='#ffffff' data-hover-color='#0011aa' class=\"qbutton  small center default\" style=\"color: #ffffff; border-color: #ffffff; font-style: normal; font-weight: 700; font-family: Source Sans Pro; text-transform: uppercase; background-color: #0011aa;\">Faire un don<\/a>[\/vc_column_inner][\/vc_row_inner][\/vc_column][\/vc_row]<\/p>\n<\/div>","protected":false},"excerpt":{"rendered":"<p>[vc_row css_animation=\u00a0\u00bb\u00a0\u00bb row_type=\u00a0\u00bbrow\u00a0\u00bb use_row_as_full_screen_section=\u00a0\u00bbno\u00a0\u00bb type=\u00a0\u00bbfull_width\u00a0\u00bb angled_section=\u00a0\u00bbno\u00a0\u00bb text_align=\u00a0\u00bbcenter\u00a0\u00bb background_image_as_pattern=\u00a0\u00bbwithout_pattern\u00a0\u00bb z_index=\u00a0\u00bb\u00a0\u00bb css=\u00a0\u00bb.vc_custom_1604521825735{background-color: #ffffff !important;}\u00a0\u00bb][vc_column][vc_row_inner row_type=\u00a0\u00bbrow\u00a0\u00bb type=\u00a0\u00bbfull_width\u00a0\u00bb text_align=\u00a0\u00bbcenter\u00a0\u00bb css_animation=\u00a0\u00bb\u00a0\u00bb][vc_column_inner offset=\u00a0\u00bbvc_hidden-sm vc_hidden-xs\u00a0\u00bb css=\u00a0\u00bb.vc_custom_1604841962121{padding-top: 500px !important;background-image: url(https:\/\/hungerprojekt.ch\/wp-content\/uploads\/2020\/11\/293247.jpg?id=521) !important;background-position: center !important;background-repeat: no-repeat !important;background-size: cover !important;}\u00a0\u00bb][\/vc_column_inner][\/vc_row_inner][vc_row_inner row_type=\u00a0\u00bbrow\u00a0\u00bb type=\u00a0\u00bbfull_width\u00a0\u00bb text_align=\u00a0\u00bbcenter\u00a0\u00bb css_animation=\u00a0\u00bb\u00a0\u00bb][vc_column_inner offset=\u00a0\u00bbvc_hidden-lg vc_hidden-md\u00a0\u00bb css=\u00a0\u00bb.vc_custom_1604841989718{padding-top: 200px !important;background-image: url(https:\/\/hungerprojekt.ch\/wp-content\/uploads\/2020\/11\/293247.jpg?id=521) !important;background-position: center !important;background-repeat: no-repeat !important;background-size: cover&#8230;<\/p>\n","protected":false},"author":1,"featured_media":0,"parent":6064,"menu_order":1,"comment_status":"closed","ping_status":"closed","template":"full_width.php","meta":{"inline_featured_image":false,"footnotes":""},"class_list":["post-1905","page","type-page","status-publish","hentry"],"_links":{"self":[{"href":"https:\/\/hungerprojekt.ch\/fr\/wp-json\/wp\/v2\/pages\/1905","targetHints":{"allow":["GET"]}}],"collection":[{"href":"https:\/\/hungerprojekt.ch\/fr\/wp-json\/wp\/v2\/pages"}],"about":[{"href":"https:\/\/hungerprojekt.ch\/fr\/wp-json\/wp\/v2\/types\/page"}],"author":[{"embeddable":true,"href":"https:\/\/hungerprojekt.ch\/fr\/wp-json\/wp\/v2\/users\/1"}],"replies":[{"embeddable":true,"href":"https:\/\/hungerprojekt.ch\/fr\/wp-json\/wp\/v2\/comments?post=1905"}],"version-history":[{"count":29,"href":"https:\/\/hungerprojekt.ch\/fr\/wp-json\/wp\/v2\/pages\/1905\/revisions"}],"predecessor-version":[{"id":6930,"href":"https:\/\/hungerprojekt.ch\/fr\/wp-json\/wp\/v2\/pages\/1905\/revisions\/6930"}],"up":[{"embeddable":true,"href":"https:\/\/hungerprojekt.ch\/fr\/wp-json\/wp\/v2\/pages\/6064"}],"wp:attachment":[{"href":"https:\/\/hungerprojekt.ch\/fr\/wp-json\/wp\/v2\/media?parent=1905"}],"curies":[{"name":"wp","href":"https:\/\/api.w.org\/{rel}","templated":true}]}}